{"id":422,"date":"2019-09-17T15:46:10","date_gmt":"2019-09-17T13:46:10","guid":{"rendered":"http:\/\/ostersjostiftelsen.se\/?post_type=project&#038;p=422"},"modified":"2020-12-16T13:09:17","modified_gmt":"2020-12-16T12:09:17","slug":"samtal-mellan-vuxna-och-vaxande","status":"publish","type":"project","link":"https:\/\/ostersjostiftelsen.se\/en\/project\/samtal-mellan-vuxna-och-vaxande\/","title":{"rendered":"Samtal mellan vuxna och v\u00e4xande"},"content":{"rendered":"\n<p>Mitt projekt \u00e4r en avknoppning av ett st\u00f6rre multietniskt och multidisciplin\u00e4rt forskningsprojekt som slutrapporterades under v\u00e5ren 2002. Jag har koncentrerat mig p\u00e5 inomkulturella mikrostudier av bordssamtal under m\u00e5ltid i 20 svenska familjer. Inriktningen har fr\u00e4mst varit diskursanalytisk, retorisk och pragmatisk, men perspektivet har vidgats till att g\u00e4lla \u00e4ven spr\u00e5kutveckling och interkulturell j\u00e4mf\u00f6relse. H\u00e4r nedan ges en kort sammanfattning av studier publicerade 02-05:<br>Att utveckla ber\u00e4ttande i bordssamtal. Familjerna delades in i tv\u00e5 grupper efter de deltagande barnens \u00e5lder: 7-10 \u00e5r respektive 10-14 \u00e5r. I den \u00e4ldre gruppen handlade ber\u00e4ttandet oftare om h\u00e4ndelser utanf\u00f6r h\u00e4r och nu, ber\u00e4ttandet var mera komplext och elaborerat och barnen bidrog med st\u00f6rre autonomi \u00e4n i den yngre gruppen. 10-\u00e5ringarna med \u00e4ldre syskon presterade \u201db\u00e4ttre\u201d vad g\u00e4ller dessa variabler \u00e4n 10-\u00e5ringarna med yngre syskon.<br>Kontextbetingade spr\u00e5kfunktioner i bordssamtal Denna studie visade framf\u00f6r allt tre saker: 1) handlingskontexten \u00e4r viktig f\u00f6r arten av spr\u00e5kfunktioner i samtal, 2) inom vissa gr\u00e4nser tycks m\u00e4ngden av fatisk, regulativ och (semantiskt) informativ kommunikation vara t\u00e4mligen konstant, 3) g\u00e4llande vissa spr\u00e5kfunktioner som regulativ, fatisk och, vissa typer av, informativ kommunikation (samplanerande, samber\u00e4ttande och kommenterande) tycks proportionerna dock f\u00f6rskjutas n\u00e5got beroende p\u00e5 de deltagande barnens \u00e5lder.<br>Hur g\u00f6r vi f\u00f6r att be om saker och ge uppmaningar p\u00e5 ett artigt s\u00e4tt? Resultaten visade p\u00e5 att handlingsuppmaningar (regulativer) anpassas efter situationen (t ex samtalskontext och mottagarnas \u00e5lder). Proportionellt fler regulativer bestod av direkta uppmaningar n\u00e4r samtalet handlade om sj\u00e4lva m\u00e5ltiden medan indirekta uppmaningar hellre anv\u00e4ndes n\u00e4r samtalet g\u00e4llde annat. F\u00e4der var mer direkta \u00e4n m\u00f6drar, som dessutom g\u00e4rna f\u00f6rmildrade sina direkta uppmaningar, och barn var mer direkta \u00e4n f\u00f6r\u00e4ldrarna. Barnen svarade oftare p\u00e5 uppmaningar om de var indirekta medan f\u00f6r\u00e4ldrarna verkade mer ben\u00e4gna att svara om barnen var direkta.<br>Att kommentera andra vid matbordet. Vid en j\u00e4mf\u00f6rande unders\u00f6kning med h\u00e4nsynstagande till barnens \u00e5lder (genom indelning i olika grupper) visar mina resultat p\u00e5 klara \u00e5ldersskillnader betr\u00e4ffande m\u00e4ngd och art av \u201dmeta-pragmatiska\u201d kommentarer under bordssamtalen i familjerna. 10-\u00e5ringarna med \u00e4ldre syskon presterade dessutom i vissa avseenden mer som de \u00e4ldre barnen. Jag diskuterar \u00e4ven vilken funktion \u201dmeta-pragmatiska\u201d kommentarer kan t\u00e4nkas ha under bordssamtal.<br>Varf\u00f6r uttrycker vi oss indirekt och implicit i samtal? M\u00f6drar tycks bryta mot Grice\u00b4s maximer genom konventionella indirekta spr\u00e5khandlingar, som ibland kunde uppfattas som ironi, medan f\u00e4der anv\u00e4nder ett mer ogenomskinligt, antydande s\u00e4tt att kommunicera, vilket ofta uppfattades som sarkasm, framf\u00f6r allt av barnen.<br>Ironi som maktmedel vid matbordet. I samtal mellan vuxna och barn f\u00f6rekommer ofta ironi som maktmedel, framf\u00f6r allt bland f\u00e4der. Men medan f\u00f6r\u00e4ldrar g\u00e4rna anv\u00e4nder ironi i uppfostringssyfte \u00e4r ironi och sk\u00e4mt ett s\u00e4tt f\u00f6r barn och ungdomar att vinna sociala po\u00e4ng.<\/p>\n","protected":false},"featured_media":0,"parent":0,"menu_order":0,"template":"","class_list":["post-422","project","type-project","status-publish","hentry"],"acf":[],"yoast_head":"<!-- This site is optimized with the Yoast SEO plugin v27.3 - https:\/\/yoast.com\/product\/yoast-seo-wordpress\/ -->\n<title>Samtal mellan vuxna och v\u00e4xande - \u00d6stersj\u00f6stiftelsen<\/title>\n<meta name=\"robots\" content=\"index, follow, max-snippet:-1, max-image-preview:large, max-video-preview:-1\" \/>\n<link rel=\"canonical\" href=\"https:\/\/ostersjostiftelsen.se\/project\/samtal-mellan-vuxna-och-vaxande\/\" \/>\n<meta property=\"og:locale\" content=\"en_US\" \/>\n<meta property=\"og:type\" content=\"article\" \/>\n<meta property=\"og:title\" content=\"Samtal mellan vuxna och v\u00e4xande - \u00d6stersj\u00f6stiftelsen\" \/>\n<meta property=\"og:description\" content=\"Mitt projekt \u00e4r en avknoppning av ett st\u00f6rre multietniskt och multidisciplin\u00e4rt forskningsprojekt som slutrapporterades under...\" \/>\n<meta property=\"og:url\" content=\"https:\/\/ostersjostiftelsen.se\/project\/samtal-mellan-vuxna-och-vaxande\/\" \/>\n<meta property=\"og:site_name\" content=\"\u00d6stersj\u00f6stiftelsen\" \/>\n<meta property=\"article:modified_time\" content=\"2020-12-16T12:09:17+00:00\" \/>\n<meta name=\"twitter:card\" content=\"summary_large_image\" \/>\n<meta name=\"twitter:label1\" content=\"Est. reading time\" \/>\n\t<meta name=\"twitter:data1\" content=\"3 minutes\" \/>\n<script type=\"application\/ld+json\" class=\"yoast-schema-graph\">{\"@context\":\"https:\\\/\\\/schema.org\",\"@graph\":[{\"@type\":\"WebPage\",\"@id\":\"https:\\\/\\\/ostersjostiftelsen.se\\\/project\\\/samtal-mellan-vuxna-och-vaxande\\\/\",\"url\":\"https:\\\/\\\/ostersjostiftelsen.se\\\/project\\\/samtal-mellan-vuxna-och-vaxande\\\/\",\"name\":\"Samtal mellan vuxna och v\u00e4xande - \u00d6stersj\u00f6stiftelsen\",\"isPartOf\":{\"@id\":\"https:\\\/\\\/ostersjostiftelsen.se\\\/#website\"},\"datePublished\":\"2019-09-17T13:46:10+00:00\",\"dateModified\":\"2020-12-16T12:09:17+00:00\",\"breadcrumb\":{\"@id\":\"https:\\\/\\\/ostersjostiftelsen.se\\\/project\\\/samtal-mellan-vuxna-och-vaxande\\\/#breadcrumb\"},\"inLanguage\":\"en-US\",\"potentialAction\":[{\"@type\":\"ReadAction\",\"target\":[\"https:\\\/\\\/ostersjostiftelsen.se\\\/project\\\/samtal-mellan-vuxna-och-vaxande\\\/\"]}]},{\"@type\":\"BreadcrumbList\",\"@id\":\"https:\\\/\\\/ostersjostiftelsen.se\\\/project\\\/samtal-mellan-vuxna-och-vaxande\\\/#breadcrumb\",\"itemListElement\":[{\"@type\":\"ListItem\",\"position\":1,\"name\":\"Home\",\"item\":\"https:\\\/\\\/ostersjostiftelsen.se\\\/en\\\/\"},{\"@type\":\"ListItem\",\"position\":2,\"name\":\"Projekt\",\"item\":\"https:\\\/\\\/ostersjostiftelsen.se\\\/project\\\/\"},{\"@type\":\"ListItem\",\"position\":3,\"name\":\"Samtal mellan vuxna och v\u00e4xande\"}]},{\"@type\":\"WebSite\",\"@id\":\"https:\\\/\\\/ostersjostiftelsen.se\\\/#website\",\"url\":\"https:\\\/\\\/ostersjostiftelsen.se\\\/\",\"name\":\"\u00d6stersj\u00f6stiftelsen\",\"description\":\"Stiftelsen f\u00f6r forskning inom omr\u00e5den med anknytning till \u00d6stersj\u00f6regionen och \u00d6steuropa\",\"potentialAction\":[{\"@type\":\"SearchAction\",\"target\":{\"@type\":\"EntryPoint\",\"urlTemplate\":\"https:\\\/\\\/ostersjostiftelsen.se\\\/?s={search_term_string}\"},\"query-input\":{\"@type\":\"PropertyValueSpecification\",\"valueRequired\":true,\"valueName\":\"search_term_string\"}}],\"inLanguage\":\"en-US\"}]}<\/script>\n<!-- \/ Yoast SEO plugin. -->","yoast_head_json":{"title":"Samtal mellan vuxna och v\u00e4xande - \u00d6stersj\u00f6stiftelsen","robots":{"index":"index","follow":"follow","max-snippet":"max-snippet:-1","max-image-preview":"max-image-preview:large","max-video-preview":"max-video-preview:-1"},"canonical":"https:\/\/ostersjostiftelsen.se\/project\/samtal-mellan-vuxna-och-vaxande\/","og_locale":"en_US","og_type":"article","og_title":"Samtal mellan vuxna och v\u00e4xande - \u00d6stersj\u00f6stiftelsen","og_description":"Mitt projekt \u00e4r en avknoppning av ett st\u00f6rre multietniskt och multidisciplin\u00e4rt forskningsprojekt som slutrapporterades under...","og_url":"https:\/\/ostersjostiftelsen.se\/project\/samtal-mellan-vuxna-och-vaxande\/","og_site_name":"\u00d6stersj\u00f6stiftelsen","article_modified_time":"2020-12-16T12:09:17+00:00","twitter_card":"summary_large_image","twitter_misc":{"Est. reading time":"3 minutes"},"schema":{"@context":"https:\/\/schema.org","@graph":[{"@type":"WebPage","@id":"https:\/\/ostersjostiftelsen.se\/project\/samtal-mellan-vuxna-och-vaxande\/","url":"https:\/\/ostersjostiftelsen.se\/project\/samtal-mellan-vuxna-och-vaxande\/","name":"Samtal mellan vuxna och v\u00e4xande - \u00d6stersj\u00f6stiftelsen","isPartOf":{"@id":"https:\/\/ostersjostiftelsen.se\/#website"},"datePublished":"2019-09-17T13:46:10+00:00","dateModified":"2020-12-16T12:09:17+00:00","breadcrumb":{"@id":"https:\/\/ostersjostiftelsen.se\/project\/samtal-mellan-vuxna-och-vaxande\/#breadcrumb"},"inLanguage":"en-US","potentialAction":[{"@type":"ReadAction","target":["https:\/\/ostersjostiftelsen.se\/project\/samtal-mellan-vuxna-och-vaxande\/"]}]},{"@type":"BreadcrumbList","@id":"https:\/\/ostersjostiftelsen.se\/project\/samtal-mellan-vuxna-och-vaxande\/#breadcrumb","itemListElement":[{"@type":"ListItem","position":1,"name":"Home","item":"https:\/\/ostersjostiftelsen.se\/en\/"},{"@type":"ListItem","position":2,"name":"Projekt","item":"https:\/\/ostersjostiftelsen.se\/project\/"},{"@type":"ListItem","position":3,"name":"Samtal mellan vuxna och v\u00e4xande"}]},{"@type":"WebSite","@id":"https:\/\/ostersjostiftelsen.se\/#website","url":"https:\/\/ostersjostiftelsen.se\/","name":"\u00d6stersj\u00f6stiftelsen","description":"Stiftelsen f\u00f6r forskning inom omr\u00e5den med anknytning till \u00d6stersj\u00f6regionen och \u00d6steuropa","potentialAction":[{"@type":"SearchAction","target":{"@type":"EntryPoint","urlTemplate":"https:\/\/ostersjostiftelsen.se\/?s={search_term_string}"},"query-input":{"@type":"PropertyValueSpecification","valueRequired":true,"valueName":"search_term_string"}}],"inLanguage":"en-US"}]}},"_links":{"self":[{"href":"https:\/\/ostersjostiftelsen.se\/en\/wp-json\/wp\/v2\/project\/422","targetHints":{"allow":["GET"]}}],"collection":[{"href":"https:\/\/ostersjostiftelsen.se\/en\/wp-json\/wp\/v2\/project"}],"about":[{"href":"https:\/\/ostersjostiftelsen.se\/en\/wp-json\/wp\/v2\/types\/project"}],"wp:attachment":[{"href":"https:\/\/ostersjostiftelsen.se\/en\/wp-json\/wp\/v2\/media?parent=422"}],"curies":[{"name":"wp","href":"https:\/\/api.w.org\/{rel}","templated":true}]}}