{"id":427,"date":"2019-09-18T10:09:33","date_gmt":"2019-09-18T08:09:33","guid":{"rendered":"http:\/\/ostersjostiftelsen.se\/?post_type=project&#038;p=427"},"modified":"2020-12-16T13:03:58","modified_gmt":"2020-12-16T12:03:58","slug":"osten-unden-och-relationerna-till-sovjet","status":"publish","type":"project","link":"https:\/\/ostersjostiftelsen.se\/en\/project\/osten-unden-och-relationerna-till-sovjet\/","title":{"rendered":"\u00d6sten Und\u00e9n och relationerna till Sovjet"},"content":{"rendered":"\n<p>N\u00e4r \u00d6sten Und\u00e9n tilltr\u00e4dde som svensk utrikesminister sommaren 1945 ans\u00e5g han, liksom m\u00e5nga svenskar, att f\u00f6rb\u00e4ttrade relationer till Sovjetunionen var den svenska utrikespolitikens huvuduppgift. Denna studie syftar till att unders\u00f6ka vilka uttryck denna m\u00e5ls\u00e4ttning tog sig i den faktiska politiken, och att f\u00f6lja hur politiken f\u00f6r\u00e4ndrades i takt med att bilden av Sovjet f\u00f6r\u00e4ndrades.<\/p>\n","protected":false},"featured_media":0,"parent":0,"menu_order":0,"template":"","class_list":["post-427","project","type-project","status-publish","hentry"],"acf":[],"yoast_head":"<!-- This site is optimized with the Yoast SEO plugin v27.3 - https:\/\/yoast.com\/product\/yoast-seo-wordpress\/ -->\n<title>\u00d6sten Und\u00e9n och relationerna till Sovjet - \u00d6stersj\u00f6stiftelsen<\/title>\n<meta name=\"robots\" content=\"index, follow, max-snippet:-1, max-image-preview:large, max-video-preview:-1\" \/>\n<link rel=\"canonical\" href=\"https:\/\/ostersjostiftelsen.se\/project\/osten-unden-och-relationerna-till-sovjet\/\" \/>\n<meta property=\"og:locale\" content=\"en_US\" \/>\n<meta property=\"og:type\" content=\"article\" \/>\n<meta property=\"og:title\" content=\"\u00d6sten Und\u00e9n och relationerna till Sovjet - \u00d6stersj\u00f6stiftelsen\" \/>\n<meta property=\"og:description\" content=\"N\u00e4r \u00d6sten Und\u00e9n tilltr\u00e4dde som svensk utrikesminister sommaren 1945 ans\u00e5g han, liksom m\u00e5nga svenskar, att...\" \/>\n<meta property=\"og:url\" content=\"https:\/\/ostersjostiftelsen.se\/project\/osten-unden-och-relationerna-till-sovjet\/\" \/>\n<meta property=\"og:site_name\" content=\"\u00d6stersj\u00f6stiftelsen\" \/>\n<meta property=\"article:modified_time\" content=\"2020-12-16T12:03:58+00:00\" \/>\n<meta name=\"twitter:card\" content=\"summary_large_image\" \/>\n<script type=\"application\/ld+json\" class=\"yoast-schema-graph\">{\"@context\":\"https:\\\/\\\/schema.org\",\"@graph\":[{\"@type\":\"WebPage\",\"@id\":\"https:\\\/\\\/ostersjostiftelsen.se\\\/project\\\/osten-unden-och-relationerna-till-sovjet\\\/\",\"url\":\"https:\\\/\\\/ostersjostiftelsen.se\\\/project\\\/osten-unden-och-relationerna-till-sovjet\\\/\",\"name\":\"\u00d6sten Und\u00e9n och relationerna till Sovjet - \u00d6stersj\u00f6stiftelsen\",\"isPartOf\":{\"@id\":\"https:\\\/\\\/ostersjostiftelsen.se\\\/#website\"},\"datePublished\":\"2019-09-18T08:09:33+00:00\",\"dateModified\":\"2020-12-16T12:03:58+00:00\",\"breadcrumb\":{\"@id\":\"https:\\\/\\\/ostersjostiftelsen.se\\\/project\\\/osten-unden-och-relationerna-till-sovjet\\\/#breadcrumb\"},\"inLanguage\":\"en-US\",\"potentialAction\":[{\"@type\":\"ReadAction\",\"target\":[\"https:\\\/\\\/ostersjostiftelsen.se\\\/project\\\/osten-unden-och-relationerna-till-sovjet\\\/\"]}]},{\"@type\":\"BreadcrumbList\",\"@id\":\"https:\\\/\\\/ostersjostiftelsen.se\\\/project\\\/osten-unden-och-relationerna-till-sovjet\\\/#breadcrumb\",\"itemListElement\":[{\"@type\":\"ListItem\",\"position\":1,\"name\":\"Home\",\"item\":\"https:\\\/\\\/ostersjostiftelsen.se\\\/en\\\/\"},{\"@type\":\"ListItem\",\"position\":2,\"name\":\"Projekt\",\"item\":\"https:\\\/\\\/ostersjostiftelsen.se\\\/project\\\/\"},{\"@type\":\"ListItem\",\"position\":3,\"name\":\"\u00d6sten Und\u00e9n och relationerna till Sovjet\"}]},{\"@type\":\"WebSite\",\"@id\":\"https:\\\/\\\/ostersjostiftelsen.se\\\/#website\",\"url\":\"https:\\\/\\\/ostersjostiftelsen.se\\\/\",\"name\":\"\u00d6stersj\u00f6stiftelsen\",\"description\":\"Stiftelsen f\u00f6r forskning inom omr\u00e5den med anknytning till \u00d6stersj\u00f6regionen och \u00d6steuropa\",\"potentialAction\":[{\"@type\":\"SearchAction\",\"target\":{\"@type\":\"EntryPoint\",\"urlTemplate\":\"https:\\\/\\\/ostersjostiftelsen.se\\\/?s={search_term_string}\"},\"query-input\":{\"@type\":\"PropertyValueSpecification\",\"valueRequired\":true,\"valueName\":\"search_term_string\"}}],\"inLanguage\":\"en-US\"}]}<\/script>\n<!-- \/ Yoast SEO plugin. -->","yoast_head_json":{"title":"\u00d6sten Und\u00e9n och relationerna till Sovjet - \u00d6stersj\u00f6stiftelsen","robots":{"index":"index","follow":"follow","max-snippet":"max-snippet:-1","max-image-preview":"max-image-preview:large","max-video-preview":"max-video-preview:-1"},"canonical":"https:\/\/ostersjostiftelsen.se\/project\/osten-unden-och-relationerna-till-sovjet\/","og_locale":"en_US","og_type":"article","og_title":"\u00d6sten Und\u00e9n och relationerna till Sovjet - \u00d6stersj\u00f6stiftelsen","og_description":"N\u00e4r \u00d6sten Und\u00e9n tilltr\u00e4dde som svensk utrikesminister sommaren 1945 ans\u00e5g han, liksom m\u00e5nga svenskar, att...","og_url":"https:\/\/ostersjostiftelsen.se\/project\/osten-unden-och-relationerna-till-sovjet\/","og_site_name":"\u00d6stersj\u00f6stiftelsen","article_modified_time":"2020-12-16T12:03:58+00:00","twitter_card":"summary_large_image","schema":{"@context":"https:\/\/schema.org","@graph":[{"@type":"WebPage","@id":"https:\/\/ostersjostiftelsen.se\/project\/osten-unden-och-relationerna-till-sovjet\/","url":"https:\/\/ostersjostiftelsen.se\/project\/osten-unden-och-relationerna-till-sovjet\/","name":"\u00d6sten Und\u00e9n och relationerna till Sovjet - \u00d6stersj\u00f6stiftelsen","isPartOf":{"@id":"https:\/\/ostersjostiftelsen.se\/#website"},"datePublished":"2019-09-18T08:09:33+00:00","dateModified":"2020-12-16T12:03:58+00:00","breadcrumb":{"@id":"https:\/\/ostersjostiftelsen.se\/project\/osten-unden-och-relationerna-till-sovjet\/#breadcrumb"},"inLanguage":"en-US","potentialAction":[{"@type":"ReadAction","target":["https:\/\/ostersjostiftelsen.se\/project\/osten-unden-och-relationerna-till-sovjet\/"]}]},{"@type":"BreadcrumbList","@id":"https:\/\/ostersjostiftelsen.se\/project\/osten-unden-och-relationerna-till-sovjet\/#breadcrumb","itemListElement":[{"@type":"ListItem","position":1,"name":"Home","item":"https:\/\/ostersjostiftelsen.se\/en\/"},{"@type":"ListItem","position":2,"name":"Projekt","item":"https:\/\/ostersjostiftelsen.se\/project\/"},{"@type":"ListItem","position":3,"name":"\u00d6sten Und\u00e9n och relationerna till Sovjet"}]},{"@type":"WebSite","@id":"https:\/\/ostersjostiftelsen.se\/#website","url":"https:\/\/ostersjostiftelsen.se\/","name":"\u00d6stersj\u00f6stiftelsen","description":"Stiftelsen f\u00f6r forskning inom omr\u00e5den med anknytning till \u00d6stersj\u00f6regionen och \u00d6steuropa","potentialAction":[{"@type":"SearchAction","target":{"@type":"EntryPoint","urlTemplate":"https:\/\/ostersjostiftelsen.se\/?s={search_term_string}"},"query-input":{"@type":"PropertyValueSpecification","valueRequired":true,"valueName":"search_term_string"}}],"inLanguage":"en-US"}]}},"_links":{"self":[{"href":"https:\/\/ostersjostiftelsen.se\/en\/wp-json\/wp\/v2\/project\/427","targetHints":{"allow":["GET"]}}],"collection":[{"href":"https:\/\/ostersjostiftelsen.se\/en\/wp-json\/wp\/v2\/project"}],"about":[{"href":"https:\/\/ostersjostiftelsen.se\/en\/wp-json\/wp\/v2\/types\/project"}],"wp:attachment":[{"href":"https:\/\/ostersjostiftelsen.se\/en\/wp-json\/wp\/v2\/media?parent=427"}],"curies":[{"name":"wp","href":"https:\/\/api.w.org\/{rel}","templated":true}]}}