{"id":449,"date":"2019-09-18T16:39:39","date_gmt":"2019-09-18T14:39:39","guid":{"rendered":"http:\/\/ostersjostiftelsen.se\/?post_type=project&#038;p=449"},"modified":"2020-12-16T13:02:43","modified_gmt":"2020-12-16T12:02:43","slug":"multietnicitet-mangsprakighet-och-kulturell-mangfald-i-polen-och-ukraina-den-polska-och-ukrainska-intelligentians-diskurser-1945-2005","status":"publish","type":"project","link":"https:\/\/ostersjostiftelsen.se\/en\/project\/multietnicitet-mangsprakighet-och-kulturell-mangfald-i-polen-och-ukraina-den-polska-och-ukrainska-intelligentians-diskurser-1945-2005\/","title":{"rendered":"Multietnicitet, m\u00e5ngspr\u00e5kighet och kulturell m\u00e5ngfald i Polen och Ukraina. Den polska och ukrainska intelligentians diskurser, 1945-2005"},"content":{"rendered":"\n<p>Projektets \u00f6vergripande syfte \u00e4r att med utg\u00e5ngspunkt i Michel Foulcaults \u201dnyhistoriska\u201d resonemang studera den polska och den ukrainska intelligentians diskurser utifr\u00e5n respektive lands nationella perspektiv och j\u00e4mf\u00f6ra de analyserade diskurserna med varandra. Projektet s\u00e4tter tre problemomr\u00e5den i fokus: multietnicitet, m\u00e5ngspr\u00e5kighet och kulturell m\u00e5ngfald. De analyseras som diskursiva formationer vilka har bildats av spr\u00e5kliga utsagor framst\u00e4llda av representanter av en konkret samh\u00e4llsgrupp (intelligentian) under tiden 1945 &#8211; 2005. Multietnicitet, m\u00e5ngspr\u00e5kighet och kulturell m\u00e5ngfald betraktas som ganska konkreta \u201dobjekt\u201d vilka har upptr\u00e4tt p\u00e5 olika s\u00e4tt inom den individuella och sociala erfarenheten (\u201dvetande\u201d) under en best\u00e4md tid.<\/p>\n\n\n\n<p>En diskursiv forskningsansats till\u00e4mpas, n\u00e5got som ocks\u00e5 implicerar en sociolingvistisk och kulturhistorisk synvinkel. F\u00f6rutom effekterna av en s.k. \u201dsovjetisering\u201d m\u00e5ste ocks\u00e5 respektive lands historiska s\u00e4rdrag f\u00f6re kommunismen och de s\u00e4tt varp\u00e5 s\u00e5dana s\u00e4rdrag \u00f6vervintrade i spr\u00e5ken under efterkrigsperioden v\u00e4gas in. Analysen grundas p\u00e5 genomg\u00e5ngar av publicistiska och litter\u00e4ra verk i respektive spr\u00e5k samt polskt och ukrainskt press- och tidskriftsmaterial.<br>De planerade studierna kan bidra till en b\u00e4ttre f\u00f6rst\u00e5else av den m\u00e5ngfasetterade europeiska identiteten och dess ok\u00e4nda \u201d\u00f6stliga\u201d del. Den valda teoretiska ramen ger m\u00f6jlighet att pr\u00f6va en metod f\u00f6r kulturanalys som v\u00e4ckt stort intresse inom olika grenar av den humanistiska forskningen. Projektets genomf\u00f6rande f\u00f6rv\u00e4ntas d\u00e4rf\u00f6r resultera inte bara i \u00f6kad kunskap om Polen och Ukraina utan \u00e4ven i ett bidrag till metoddiskussionen inom humaniora.<\/p>\n","protected":false},"featured_media":0,"parent":0,"menu_order":0,"template":"","class_list":["post-449","project","type-project","status-publish","hentry"],"acf":[],"yoast_head":"<!-- This site is optimized with the Yoast SEO plugin v27.3 - https:\/\/yoast.com\/product\/yoast-seo-wordpress\/ -->\n<title>Multietnicitet, m\u00e5ngspr\u00e5kighet och kulturell m\u00e5ngfald i Polen och Ukraina. Den polska och ukrainska intelligentians diskurser, 1945-2005 - \u00d6stersj\u00f6stiftelsen<\/title>\n<meta name=\"robots\" content=\"index, follow, max-snippet:-1, max-image-preview:large, max-video-preview:-1\" \/>\n<link rel=\"canonical\" href=\"https:\/\/ostersjostiftelsen.se\/project\/multietnicitet-mangsprakighet-och-kulturell-mangfald-i-polen-och-ukraina-den-polska-och-ukrainska-intelligentians-diskurser-1945-2005\/\" \/>\n<meta property=\"og:locale\" content=\"en_US\" \/>\n<meta property=\"og:type\" content=\"article\" \/>\n<meta property=\"og:title\" content=\"Multietnicitet, m\u00e5ngspr\u00e5kighet och kulturell m\u00e5ngfald i Polen och Ukraina. Den polska och ukrainska intelligentians diskurser, 1945-2005 - \u00d6stersj\u00f6stiftelsen\" \/>\n<meta property=\"og:description\" content=\"Projektets \u00f6vergripande syfte \u00e4r att med utg\u00e5ngspunkt i Michel Foulcaults \u201dnyhistoriska\u201d resonemang studera den polska...\" \/>\n<meta property=\"og:url\" content=\"https:\/\/ostersjostiftelsen.se\/project\/multietnicitet-mangsprakighet-och-kulturell-mangfald-i-polen-och-ukraina-den-polska-och-ukrainska-intelligentians-diskurser-1945-2005\/\" \/>\n<meta property=\"og:site_name\" content=\"\u00d6stersj\u00f6stiftelsen\" \/>\n<meta property=\"article:modified_time\" content=\"2020-12-16T12:02:43+00:00\" \/>\n<meta name=\"twitter:card\" content=\"summary_large_image\" \/>\n<meta name=\"twitter:label1\" content=\"Est. reading time\" \/>\n\t<meta name=\"twitter:data1\" content=\"1 minute\" \/>\n<script type=\"application\/ld+json\" class=\"yoast-schema-graph\">{\"@context\":\"https:\\\/\\\/schema.org\",\"@graph\":[{\"@type\":\"WebPage\",\"@id\":\"https:\\\/\\\/ostersjostiftelsen.se\\\/project\\\/multietnicitet-mangsprakighet-och-kulturell-mangfald-i-polen-och-ukraina-den-polska-och-ukrainska-intelligentians-diskurser-1945-2005\\\/\",\"url\":\"https:\\\/\\\/ostersjostiftelsen.se\\\/project\\\/multietnicitet-mangsprakighet-och-kulturell-mangfald-i-polen-och-ukraina-den-polska-och-ukrainska-intelligentians-diskurser-1945-2005\\\/\",\"name\":\"Multietnicitet, m\u00e5ngspr\u00e5kighet och kulturell m\u00e5ngfald i Polen och Ukraina. Den polska och ukrainska intelligentians diskurser, 1945-2005 - \u00d6stersj\u00f6stiftelsen\",\"isPartOf\":{\"@id\":\"https:\\\/\\\/ostersjostiftelsen.se\\\/#website\"},\"datePublished\":\"2019-09-18T14:39:39+00:00\",\"dateModified\":\"2020-12-16T12:02:43+00:00\",\"breadcrumb\":{\"@id\":\"https:\\\/\\\/ostersjostiftelsen.se\\\/project\\\/multietnicitet-mangsprakighet-och-kulturell-mangfald-i-polen-och-ukraina-den-polska-och-ukrainska-intelligentians-diskurser-1945-2005\\\/#breadcrumb\"},\"inLanguage\":\"en-US\",\"potentialAction\":[{\"@type\":\"ReadAction\",\"target\":[\"https:\\\/\\\/ostersjostiftelsen.se\\\/project\\\/multietnicitet-mangsprakighet-och-kulturell-mangfald-i-polen-och-ukraina-den-polska-och-ukrainska-intelligentians-diskurser-1945-2005\\\/\"]}]},{\"@type\":\"BreadcrumbList\",\"@id\":\"https:\\\/\\\/ostersjostiftelsen.se\\\/project\\\/multietnicitet-mangsprakighet-och-kulturell-mangfald-i-polen-och-ukraina-den-polska-och-ukrainska-intelligentians-diskurser-1945-2005\\\/#breadcrumb\",\"itemListElement\":[{\"@type\":\"ListItem\",\"position\":1,\"name\":\"Home\",\"item\":\"https:\\\/\\\/ostersjostiftelsen.se\\\/en\\\/\"},{\"@type\":\"ListItem\",\"position\":2,\"name\":\"Projekt\",\"item\":\"https:\\\/\\\/ostersjostiftelsen.se\\\/project\\\/\"},{\"@type\":\"ListItem\",\"position\":3,\"name\":\"Multietnicitet, m\u00e5ngspr\u00e5kighet och kulturell m\u00e5ngfald i Polen och Ukraina. Den polska och ukrainska intelligentians diskurser, 1945-2005\"}]},{\"@type\":\"WebSite\",\"@id\":\"https:\\\/\\\/ostersjostiftelsen.se\\\/#website\",\"url\":\"https:\\\/\\\/ostersjostiftelsen.se\\\/\",\"name\":\"\u00d6stersj\u00f6stiftelsen\",\"description\":\"Stiftelsen f\u00f6r forskning inom omr\u00e5den med anknytning till \u00d6stersj\u00f6regionen och \u00d6steuropa\",\"potentialAction\":[{\"@type\":\"SearchAction\",\"target\":{\"@type\":\"EntryPoint\",\"urlTemplate\":\"https:\\\/\\\/ostersjostiftelsen.se\\\/?s={search_term_string}\"},\"query-input\":{\"@type\":\"PropertyValueSpecification\",\"valueRequired\":true,\"valueName\":\"search_term_string\"}}],\"inLanguage\":\"en-US\"}]}<\/script>\n<!-- \/ Yoast SEO plugin. -->","yoast_head_json":{"title":"Multietnicitet, m\u00e5ngspr\u00e5kighet och kulturell m\u00e5ngfald i Polen och Ukraina. Den polska och ukrainska intelligentians diskurser, 1945-2005 - \u00d6stersj\u00f6stiftelsen","robots":{"index":"index","follow":"follow","max-snippet":"max-snippet:-1","max-image-preview":"max-image-preview:large","max-video-preview":"max-video-preview:-1"},"canonical":"https:\/\/ostersjostiftelsen.se\/project\/multietnicitet-mangsprakighet-och-kulturell-mangfald-i-polen-och-ukraina-den-polska-och-ukrainska-intelligentians-diskurser-1945-2005\/","og_locale":"en_US","og_type":"article","og_title":"Multietnicitet, m\u00e5ngspr\u00e5kighet och kulturell m\u00e5ngfald i Polen och Ukraina. Den polska och ukrainska intelligentians diskurser, 1945-2005 - \u00d6stersj\u00f6stiftelsen","og_description":"Projektets \u00f6vergripande syfte \u00e4r att med utg\u00e5ngspunkt i Michel Foulcaults \u201dnyhistoriska\u201d resonemang studera den polska...","og_url":"https:\/\/ostersjostiftelsen.se\/project\/multietnicitet-mangsprakighet-och-kulturell-mangfald-i-polen-och-ukraina-den-polska-och-ukrainska-intelligentians-diskurser-1945-2005\/","og_site_name":"\u00d6stersj\u00f6stiftelsen","article_modified_time":"2020-12-16T12:02:43+00:00","twitter_card":"summary_large_image","twitter_misc":{"Est. reading time":"1 minute"},"schema":{"@context":"https:\/\/schema.org","@graph":[{"@type":"WebPage","@id":"https:\/\/ostersjostiftelsen.se\/project\/multietnicitet-mangsprakighet-och-kulturell-mangfald-i-polen-och-ukraina-den-polska-och-ukrainska-intelligentians-diskurser-1945-2005\/","url":"https:\/\/ostersjostiftelsen.se\/project\/multietnicitet-mangsprakighet-och-kulturell-mangfald-i-polen-och-ukraina-den-polska-och-ukrainska-intelligentians-diskurser-1945-2005\/","name":"Multietnicitet, m\u00e5ngspr\u00e5kighet och kulturell m\u00e5ngfald i Polen och Ukraina. Den polska och ukrainska intelligentians diskurser, 1945-2005 - \u00d6stersj\u00f6stiftelsen","isPartOf":{"@id":"https:\/\/ostersjostiftelsen.se\/#website"},"datePublished":"2019-09-18T14:39:39+00:00","dateModified":"2020-12-16T12:02:43+00:00","breadcrumb":{"@id":"https:\/\/ostersjostiftelsen.se\/project\/multietnicitet-mangsprakighet-och-kulturell-mangfald-i-polen-och-ukraina-den-polska-och-ukrainska-intelligentians-diskurser-1945-2005\/#breadcrumb"},"inLanguage":"en-US","potentialAction":[{"@type":"ReadAction","target":["https:\/\/ostersjostiftelsen.se\/project\/multietnicitet-mangsprakighet-och-kulturell-mangfald-i-polen-och-ukraina-den-polska-och-ukrainska-intelligentians-diskurser-1945-2005\/"]}]},{"@type":"BreadcrumbList","@id":"https:\/\/ostersjostiftelsen.se\/project\/multietnicitet-mangsprakighet-och-kulturell-mangfald-i-polen-och-ukraina-den-polska-och-ukrainska-intelligentians-diskurser-1945-2005\/#breadcrumb","itemListElement":[{"@type":"ListItem","position":1,"name":"Home","item":"https:\/\/ostersjostiftelsen.se\/en\/"},{"@type":"ListItem","position":2,"name":"Projekt","item":"https:\/\/ostersjostiftelsen.se\/project\/"},{"@type":"ListItem","position":3,"name":"Multietnicitet, m\u00e5ngspr\u00e5kighet och kulturell m\u00e5ngfald i Polen och Ukraina. Den polska och ukrainska intelligentians diskurser, 1945-2005"}]},{"@type":"WebSite","@id":"https:\/\/ostersjostiftelsen.se\/#website","url":"https:\/\/ostersjostiftelsen.se\/","name":"\u00d6stersj\u00f6stiftelsen","description":"Stiftelsen f\u00f6r forskning inom omr\u00e5den med anknytning till \u00d6stersj\u00f6regionen och \u00d6steuropa","potentialAction":[{"@type":"SearchAction","target":{"@type":"EntryPoint","urlTemplate":"https:\/\/ostersjostiftelsen.se\/?s={search_term_string}"},"query-input":{"@type":"PropertyValueSpecification","valueRequired":true,"valueName":"search_term_string"}}],"inLanguage":"en-US"}]}},"_links":{"self":[{"href":"https:\/\/ostersjostiftelsen.se\/en\/wp-json\/wp\/v2\/project\/449","targetHints":{"allow":["GET"]}}],"collection":[{"href":"https:\/\/ostersjostiftelsen.se\/en\/wp-json\/wp\/v2\/project"}],"about":[{"href":"https:\/\/ostersjostiftelsen.se\/en\/wp-json\/wp\/v2\/types\/project"}],"wp:attachment":[{"href":"https:\/\/ostersjostiftelsen.se\/en\/wp-json\/wp\/v2\/media?parent=449"}],"curies":[{"name":"wp","href":"https:\/\/api.w.org\/{rel}","templated":true}]}}