{"id":457,"date":"2019-09-19T10:29:59","date_gmt":"2019-09-19T08:29:59","guid":{"rendered":"http:\/\/ostersjostiftelsen.se\/?post_type=project&#038;p=457"},"modified":"2020-12-16T13:04:43","modified_gmt":"2020-12-16T12:04:43","slug":"pa-vag-mot-medborgarrollen-en-jamforelse-av-deliberativa-skolsamtal-i-sverige-och-tva-osteuropeiska-lander","status":"publish","type":"project","link":"https:\/\/ostersjostiftelsen.se\/en\/project\/pa-vag-mot-medborgarrollen-en-jamforelse-av-deliberativa-skolsamtal-i-sverige-och-tva-osteuropeiska-lander\/","title":{"rendered":"P\u00e5 v\u00e4g mot medborgarrollen. En j\u00e4mf\u00f6relse av deliberativa skolsamtal i Sverige och tv\u00e5 \u00f6steuropeiska l\u00e4nder"},"content":{"rendered":"\n<p>Bakgrunden till projektet \u00e4r det stora pedagogiska och skolpolitiska intresse som finns idag f\u00f6r skolans uppgift att f\u00f6rbereda eleverna f\u00f6r medborgarrollen. Det inneb\u00e4r att skolan har en viktig demokratisk funktion som innefattar mer \u00e4n att undervisa om det demokratiska samh\u00e4llsskicket. Skolan som arbetsplats m\u00e5ste sj\u00e4lv ocks\u00e5 praktisera demokratiska principer f\u00f6r samr\u00e5d och beslutsfattande. Det betyder att eleverna i olika former f\u00e5r m\u00f6jlighet att p\u00e5verka sin arbetssituation.<\/p>\n\n\n\n<p>I Sverige \u00e4r skolans demokratiska uppdrag inskrivet i skollagens portalparagraf. Men ocks\u00e5 i andra l\u00e4nder finns en politisk medvetenhet om skolans centrala roll f\u00f6r att grundl\u00e4gga en demokratisk h\u00e5llning. Det g\u00e4ller ocks\u00e5 i de nya demokratierna i \u00d6steuropa. Bakgrunden \u00e4r ett arv fr\u00e5n den totalit\u00e4ra tiden av en auktorit\u00e4r och hierarkiska skolmilj\u00f6. Det har v\u00e4ckt v\u00e5rt intresse att j\u00e4mf\u00f6ra hur skolan kan genomf\u00f6ra sina demokratiska ambitioner under h\u00f6gst olika historiska och kulturella f\u00f6ruts\u00e4ttningar. Konkret har vi valt att studera institutionaliserade former f\u00f6r elevinflytande i klassr\u00e5d och elevr\u00e5d i tre l\u00e4nder som (mer eller mindre) till\u00e4mpar det systemet f\u00f6r \u201ddeliberativa samtal\u201d: f\u00f6rutom Sverige ocks\u00e5 Ungern och Rum\u00e4nien.<br>Vi arbetar med analysmetoder som \u00e4r h\u00e4mtade fr\u00e5n den pragmatiska samtalsanalysen och fr\u00e5n retorisk teori men \u00e4ven fr\u00e5n dramapedagogiken med dess intresse f\u00f6r den fysiska realiseringen av sociala relationer. Syftet med v\u00e5rt projekt \u00e4r att finna inslag i diskussionens uppl\u00e4ggning liksom i den omgivande kontexten (skolans organisation, l\u00e4roplaner, l\u00e4rarnas syn p\u00e5 sina arbetsuppgifter etc.) som gynnar eller missgynnar en demokratisk skolmilj\u00f6. Men vi \u00e4r ocks\u00e5 intresserade av att se hur demokratiska id\u00e9er kan f\u00f6rverkligas p\u00e5 olika s\u00e4tt inom ramen f\u00f6r olika institutioner och traditioner. Projektet \u00e4r upplagt s\u00e5 att vi bes\u00f6ker utvalda skolor, g\u00f6r videoinspelningar av skolsamtal och intervjuar elever och l\u00e4rare. Det finns idag en livaktig forskning kring skoldemokratiska fr\u00e5gor. Men fortfarande \u00e4r dokumentationen av vad som faktiskt h\u00e4nder i klassrummet ganska bristf\u00e4llig. Och just klassr\u00e5d och elevr\u00e5d har unders\u00f6kts mycket lite, s\u00e4rskilt i ett komparativt perspektiv.<\/p>\n","protected":false},"featured_media":0,"parent":0,"menu_order":0,"template":"","class_list":["post-457","project","type-project","status-publish","hentry"],"acf":[],"yoast_head":"<!-- This site is optimized with the Yoast SEO plugin v27.3 - https:\/\/yoast.com\/product\/yoast-seo-wordpress\/ -->\n<title>P\u00e5 v\u00e4g mot medborgarrollen. En j\u00e4mf\u00f6relse av deliberativa skolsamtal i Sverige och tv\u00e5 \u00f6steuropeiska l\u00e4nder - \u00d6stersj\u00f6stiftelsen<\/title>\n<meta name=\"robots\" content=\"index, follow, max-snippet:-1, max-image-preview:large, max-video-preview:-1\" \/>\n<link rel=\"canonical\" href=\"https:\/\/ostersjostiftelsen.se\/project\/pa-vag-mot-medborgarrollen-en-jamforelse-av-deliberativa-skolsamtal-i-sverige-och-tva-osteuropeiska-lander\/\" \/>\n<meta property=\"og:locale\" content=\"en_US\" \/>\n<meta property=\"og:type\" content=\"article\" \/>\n<meta property=\"og:title\" content=\"P\u00e5 v\u00e4g mot medborgarrollen. En j\u00e4mf\u00f6relse av deliberativa skolsamtal i Sverige och tv\u00e5 \u00f6steuropeiska l\u00e4nder - \u00d6stersj\u00f6stiftelsen\" \/>\n<meta property=\"og:description\" content=\"Bakgrunden till projektet \u00e4r det stora pedagogiska och skolpolitiska intresse som finns idag f\u00f6r skolans...\" \/>\n<meta property=\"og:url\" content=\"https:\/\/ostersjostiftelsen.se\/project\/pa-vag-mot-medborgarrollen-en-jamforelse-av-deliberativa-skolsamtal-i-sverige-och-tva-osteuropeiska-lander\/\" \/>\n<meta property=\"og:site_name\" content=\"\u00d6stersj\u00f6stiftelsen\" \/>\n<meta property=\"article:modified_time\" content=\"2020-12-16T12:04:43+00:00\" \/>\n<meta name=\"twitter:card\" content=\"summary_large_image\" \/>\n<meta name=\"twitter:label1\" content=\"Est. reading time\" \/>\n\t<meta name=\"twitter:data1\" content=\"2 minutes\" \/>\n<script type=\"application\/ld+json\" class=\"yoast-schema-graph\">{\"@context\":\"https:\\\/\\\/schema.org\",\"@graph\":[{\"@type\":\"WebPage\",\"@id\":\"https:\\\/\\\/ostersjostiftelsen.se\\\/project\\\/pa-vag-mot-medborgarrollen-en-jamforelse-av-deliberativa-skolsamtal-i-sverige-och-tva-osteuropeiska-lander\\\/\",\"url\":\"https:\\\/\\\/ostersjostiftelsen.se\\\/project\\\/pa-vag-mot-medborgarrollen-en-jamforelse-av-deliberativa-skolsamtal-i-sverige-och-tva-osteuropeiska-lander\\\/\",\"name\":\"P\u00e5 v\u00e4g mot medborgarrollen. En j\u00e4mf\u00f6relse av deliberativa skolsamtal i Sverige och tv\u00e5 \u00f6steuropeiska l\u00e4nder - \u00d6stersj\u00f6stiftelsen\",\"isPartOf\":{\"@id\":\"https:\\\/\\\/ostersjostiftelsen.se\\\/#website\"},\"datePublished\":\"2019-09-19T08:29:59+00:00\",\"dateModified\":\"2020-12-16T12:04:43+00:00\",\"breadcrumb\":{\"@id\":\"https:\\\/\\\/ostersjostiftelsen.se\\\/project\\\/pa-vag-mot-medborgarrollen-en-jamforelse-av-deliberativa-skolsamtal-i-sverige-och-tva-osteuropeiska-lander\\\/#breadcrumb\"},\"inLanguage\":\"en-US\",\"potentialAction\":[{\"@type\":\"ReadAction\",\"target\":[\"https:\\\/\\\/ostersjostiftelsen.se\\\/project\\\/pa-vag-mot-medborgarrollen-en-jamforelse-av-deliberativa-skolsamtal-i-sverige-och-tva-osteuropeiska-lander\\\/\"]}]},{\"@type\":\"BreadcrumbList\",\"@id\":\"https:\\\/\\\/ostersjostiftelsen.se\\\/project\\\/pa-vag-mot-medborgarrollen-en-jamforelse-av-deliberativa-skolsamtal-i-sverige-och-tva-osteuropeiska-lander\\\/#breadcrumb\",\"itemListElement\":[{\"@type\":\"ListItem\",\"position\":1,\"name\":\"Home\",\"item\":\"https:\\\/\\\/ostersjostiftelsen.se\\\/en\\\/\"},{\"@type\":\"ListItem\",\"position\":2,\"name\":\"Projekt\",\"item\":\"https:\\\/\\\/ostersjostiftelsen.se\\\/project\\\/\"},{\"@type\":\"ListItem\",\"position\":3,\"name\":\"P\u00e5 v\u00e4g mot medborgarrollen. En j\u00e4mf\u00f6relse av deliberativa skolsamtal i Sverige och tv\u00e5 \u00f6steuropeiska l\u00e4nder\"}]},{\"@type\":\"WebSite\",\"@id\":\"https:\\\/\\\/ostersjostiftelsen.se\\\/#website\",\"url\":\"https:\\\/\\\/ostersjostiftelsen.se\\\/\",\"name\":\"\u00d6stersj\u00f6stiftelsen\",\"description\":\"Stiftelsen f\u00f6r forskning inom omr\u00e5den med anknytning till \u00d6stersj\u00f6regionen och \u00d6steuropa\",\"potentialAction\":[{\"@type\":\"SearchAction\",\"target\":{\"@type\":\"EntryPoint\",\"urlTemplate\":\"https:\\\/\\\/ostersjostiftelsen.se\\\/?s={search_term_string}\"},\"query-input\":{\"@type\":\"PropertyValueSpecification\",\"valueRequired\":true,\"valueName\":\"search_term_string\"}}],\"inLanguage\":\"en-US\"}]}<\/script>\n<!-- \/ Yoast SEO plugin. -->","yoast_head_json":{"title":"P\u00e5 v\u00e4g mot medborgarrollen. En j\u00e4mf\u00f6relse av deliberativa skolsamtal i Sverige och tv\u00e5 \u00f6steuropeiska l\u00e4nder - \u00d6stersj\u00f6stiftelsen","robots":{"index":"index","follow":"follow","max-snippet":"max-snippet:-1","max-image-preview":"max-image-preview:large","max-video-preview":"max-video-preview:-1"},"canonical":"https:\/\/ostersjostiftelsen.se\/project\/pa-vag-mot-medborgarrollen-en-jamforelse-av-deliberativa-skolsamtal-i-sverige-och-tva-osteuropeiska-lander\/","og_locale":"en_US","og_type":"article","og_title":"P\u00e5 v\u00e4g mot medborgarrollen. En j\u00e4mf\u00f6relse av deliberativa skolsamtal i Sverige och tv\u00e5 \u00f6steuropeiska l\u00e4nder - \u00d6stersj\u00f6stiftelsen","og_description":"Bakgrunden till projektet \u00e4r det stora pedagogiska och skolpolitiska intresse som finns idag f\u00f6r skolans...","og_url":"https:\/\/ostersjostiftelsen.se\/project\/pa-vag-mot-medborgarrollen-en-jamforelse-av-deliberativa-skolsamtal-i-sverige-och-tva-osteuropeiska-lander\/","og_site_name":"\u00d6stersj\u00f6stiftelsen","article_modified_time":"2020-12-16T12:04:43+00:00","twitter_card":"summary_large_image","twitter_misc":{"Est. reading time":"2 minutes"},"schema":{"@context":"https:\/\/schema.org","@graph":[{"@type":"WebPage","@id":"https:\/\/ostersjostiftelsen.se\/project\/pa-vag-mot-medborgarrollen-en-jamforelse-av-deliberativa-skolsamtal-i-sverige-och-tva-osteuropeiska-lander\/","url":"https:\/\/ostersjostiftelsen.se\/project\/pa-vag-mot-medborgarrollen-en-jamforelse-av-deliberativa-skolsamtal-i-sverige-och-tva-osteuropeiska-lander\/","name":"P\u00e5 v\u00e4g mot medborgarrollen. En j\u00e4mf\u00f6relse av deliberativa skolsamtal i Sverige och tv\u00e5 \u00f6steuropeiska l\u00e4nder - \u00d6stersj\u00f6stiftelsen","isPartOf":{"@id":"https:\/\/ostersjostiftelsen.se\/#website"},"datePublished":"2019-09-19T08:29:59+00:00","dateModified":"2020-12-16T12:04:43+00:00","breadcrumb":{"@id":"https:\/\/ostersjostiftelsen.se\/project\/pa-vag-mot-medborgarrollen-en-jamforelse-av-deliberativa-skolsamtal-i-sverige-och-tva-osteuropeiska-lander\/#breadcrumb"},"inLanguage":"en-US","potentialAction":[{"@type":"ReadAction","target":["https:\/\/ostersjostiftelsen.se\/project\/pa-vag-mot-medborgarrollen-en-jamforelse-av-deliberativa-skolsamtal-i-sverige-och-tva-osteuropeiska-lander\/"]}]},{"@type":"BreadcrumbList","@id":"https:\/\/ostersjostiftelsen.se\/project\/pa-vag-mot-medborgarrollen-en-jamforelse-av-deliberativa-skolsamtal-i-sverige-och-tva-osteuropeiska-lander\/#breadcrumb","itemListElement":[{"@type":"ListItem","position":1,"name":"Home","item":"https:\/\/ostersjostiftelsen.se\/en\/"},{"@type":"ListItem","position":2,"name":"Projekt","item":"https:\/\/ostersjostiftelsen.se\/project\/"},{"@type":"ListItem","position":3,"name":"P\u00e5 v\u00e4g mot medborgarrollen. En j\u00e4mf\u00f6relse av deliberativa skolsamtal i Sverige och tv\u00e5 \u00f6steuropeiska l\u00e4nder"}]},{"@type":"WebSite","@id":"https:\/\/ostersjostiftelsen.se\/#website","url":"https:\/\/ostersjostiftelsen.se\/","name":"\u00d6stersj\u00f6stiftelsen","description":"Stiftelsen f\u00f6r forskning inom omr\u00e5den med anknytning till \u00d6stersj\u00f6regionen och \u00d6steuropa","potentialAction":[{"@type":"SearchAction","target":{"@type":"EntryPoint","urlTemplate":"https:\/\/ostersjostiftelsen.se\/?s={search_term_string}"},"query-input":{"@type":"PropertyValueSpecification","valueRequired":true,"valueName":"search_term_string"}}],"inLanguage":"en-US"}]}},"_links":{"self":[{"href":"https:\/\/ostersjostiftelsen.se\/en\/wp-json\/wp\/v2\/project\/457","targetHints":{"allow":["GET"]}}],"collection":[{"href":"https:\/\/ostersjostiftelsen.se\/en\/wp-json\/wp\/v2\/project"}],"about":[{"href":"https:\/\/ostersjostiftelsen.se\/en\/wp-json\/wp\/v2\/types\/project"}],"wp:attachment":[{"href":"https:\/\/ostersjostiftelsen.se\/en\/wp-json\/wp\/v2\/media?parent=457"}],"curies":[{"name":"wp","href":"https:\/\/api.w.org\/{rel}","templated":true}]}}