{"id":471,"date":"2019-09-19T14:14:40","date_gmt":"2019-09-19T12:14:40","guid":{"rendered":"http:\/\/ostersjostiftelsen.se\/?post_type=project&#038;p=471"},"modified":"2020-12-16T13:16:46","modified_gmt":"2020-12-16T12:16:46","slug":"vetenskap-politik-och-offentlighet-i-ostersjoomradet","status":"publish","type":"project","link":"https:\/\/ostersjostiftelsen.se\/en\/project\/vetenskap-politik-och-offentlighet-i-ostersjoomradet\/","title":{"rendered":"Vetenskap, politik och offentlighet i \u00d6stersj\u00f6omr\u00e5det"},"content":{"rendered":"\n<p>Den \u00f6vergripande fr\u00e5gest\u00e4llning forskarprogrammet s\u00f6ker besvara \u00e4r: Hur bem\u00f6ter l\u00e4nder i V\u00e4st- och \u00d6steuropa den utmaning som kunskapssamh\u00e4llet inneb\u00e4r f\u00f6r demokrati och statlig styrning? Projektet \u00e4r komparativt och tv\u00e4rvetenskapligt upplagt. Teorier om kunskapssamh\u00e4llet bildar en gemensam utg\u00e5ngspunkt f\u00f6r de fem fallstudierna om \u201dlivets politik\u201d som behandlar hantering av os\u00e4ker kunskap p\u00e5 omr\u00e5den som uppfattas som h\u00e4lso- resp. milj\u00f6risker: aids och genteknologins till\u00e4mpning p\u00e5 m\u00e4nniskan och v\u00e4xter. Samtidigt anknyter projektet till omr\u00e5det vetenskapspolicystudier och kommer att tillvarata den snabbt v\u00e4xande litteraturen om deliberativa f\u00f6rfaranden och demokratisering av expertis.<\/p>\n\n\n\n<p>M\u00e5let \u00e4r att genom kontextualisering och komparation vidareutveckla teoribildningen om kunskapssamh\u00e4llet. Metoderna omfattar olika former av textanalyser och intervjuer. Gemensamt f\u00f6r alla delstudier \u00e4r ett kvalitativt uppl\u00e4gg, som tar sin utg\u00e5ngspunkt i nya policystudier och medieforskning, som inkluderar diskursiva och institutionella insikter. Projektet skall besvara bl.a. f\u00f6ljande fr\u00e5gor: Hur p\u00e5verkar kunskapssamh\u00e4llets utveckling traditionella governance-mekanismer med avseende p\u00e5 \u201dlivets politik\u201d? Hur involveras vanliga medborgare i denna process? Hur hanteras os\u00e4kerhet i kunskap under olika l\u00e4nderspecifika, institutionella och kulturella f\u00f6ruts\u00e4ttningar? I vad m\u00e5n skiljer sig \u201dgamla\u201d och \u201dnya\u201d demokratier \u00e5t ifr\u00e5ga om denna utveckling?<\/p>\n","protected":false},"featured_media":0,"parent":0,"menu_order":0,"template":"","class_list":["post-471","project","type-project","status-publish","hentry"],"acf":[],"yoast_head":"<!-- This site is optimized with the Yoast SEO plugin v27.3 - https:\/\/yoast.com\/product\/yoast-seo-wordpress\/ -->\n<title>Vetenskap, politik och offentlighet i \u00d6stersj\u00f6omr\u00e5det - \u00d6stersj\u00f6stiftelsen<\/title>\n<meta name=\"robots\" content=\"index, follow, max-snippet:-1, max-image-preview:large, max-video-preview:-1\" \/>\n<link rel=\"canonical\" href=\"https:\/\/ostersjostiftelsen.se\/project\/vetenskap-politik-och-offentlighet-i-ostersjoomradet\/\" \/>\n<meta property=\"og:locale\" content=\"en_US\" \/>\n<meta property=\"og:type\" content=\"article\" \/>\n<meta property=\"og:title\" content=\"Vetenskap, politik och offentlighet i \u00d6stersj\u00f6omr\u00e5det - \u00d6stersj\u00f6stiftelsen\" \/>\n<meta property=\"og:description\" content=\"Den \u00f6vergripande fr\u00e5gest\u00e4llning forskarprogrammet s\u00f6ker besvara \u00e4r: Hur bem\u00f6ter l\u00e4nder i V\u00e4st- och \u00d6steuropa den...\" \/>\n<meta property=\"og:url\" content=\"https:\/\/ostersjostiftelsen.se\/project\/vetenskap-politik-och-offentlighet-i-ostersjoomradet\/\" \/>\n<meta property=\"og:site_name\" content=\"\u00d6stersj\u00f6stiftelsen\" \/>\n<meta property=\"article:modified_time\" content=\"2020-12-16T12:16:46+00:00\" \/>\n<meta name=\"twitter:card\" content=\"summary_large_image\" \/>\n<meta name=\"twitter:label1\" content=\"Est. reading time\" \/>\n\t<meta name=\"twitter:data1\" content=\"1 minute\" \/>\n<script type=\"application\/ld+json\" class=\"yoast-schema-graph\">{\"@context\":\"https:\\\/\\\/schema.org\",\"@graph\":[{\"@type\":\"WebPage\",\"@id\":\"https:\\\/\\\/ostersjostiftelsen.se\\\/project\\\/vetenskap-politik-och-offentlighet-i-ostersjoomradet\\\/\",\"url\":\"https:\\\/\\\/ostersjostiftelsen.se\\\/project\\\/vetenskap-politik-och-offentlighet-i-ostersjoomradet\\\/\",\"name\":\"Vetenskap, politik och offentlighet i \u00d6stersj\u00f6omr\u00e5det - \u00d6stersj\u00f6stiftelsen\",\"isPartOf\":{\"@id\":\"https:\\\/\\\/ostersjostiftelsen.se\\\/#website\"},\"datePublished\":\"2019-09-19T12:14:40+00:00\",\"dateModified\":\"2020-12-16T12:16:46+00:00\",\"breadcrumb\":{\"@id\":\"https:\\\/\\\/ostersjostiftelsen.se\\\/project\\\/vetenskap-politik-och-offentlighet-i-ostersjoomradet\\\/#breadcrumb\"},\"inLanguage\":\"en-US\",\"potentialAction\":[{\"@type\":\"ReadAction\",\"target\":[\"https:\\\/\\\/ostersjostiftelsen.se\\\/project\\\/vetenskap-politik-och-offentlighet-i-ostersjoomradet\\\/\"]}]},{\"@type\":\"BreadcrumbList\",\"@id\":\"https:\\\/\\\/ostersjostiftelsen.se\\\/project\\\/vetenskap-politik-och-offentlighet-i-ostersjoomradet\\\/#breadcrumb\",\"itemListElement\":[{\"@type\":\"ListItem\",\"position\":1,\"name\":\"Home\",\"item\":\"https:\\\/\\\/ostersjostiftelsen.se\\\/en\\\/\"},{\"@type\":\"ListItem\",\"position\":2,\"name\":\"Projekt\",\"item\":\"https:\\\/\\\/ostersjostiftelsen.se\\\/project\\\/\"},{\"@type\":\"ListItem\",\"position\":3,\"name\":\"Vetenskap, politik och offentlighet i \u00d6stersj\u00f6omr\u00e5det\"}]},{\"@type\":\"WebSite\",\"@id\":\"https:\\\/\\\/ostersjostiftelsen.se\\\/#website\",\"url\":\"https:\\\/\\\/ostersjostiftelsen.se\\\/\",\"name\":\"\u00d6stersj\u00f6stiftelsen\",\"description\":\"Stiftelsen f\u00f6r forskning inom omr\u00e5den med anknytning till \u00d6stersj\u00f6regionen och \u00d6steuropa\",\"potentialAction\":[{\"@type\":\"SearchAction\",\"target\":{\"@type\":\"EntryPoint\",\"urlTemplate\":\"https:\\\/\\\/ostersjostiftelsen.se\\\/?s={search_term_string}\"},\"query-input\":{\"@type\":\"PropertyValueSpecification\",\"valueRequired\":true,\"valueName\":\"search_term_string\"}}],\"inLanguage\":\"en-US\"}]}<\/script>\n<!-- \/ Yoast SEO plugin. -->","yoast_head_json":{"title":"Vetenskap, politik och offentlighet i \u00d6stersj\u00f6omr\u00e5det - \u00d6stersj\u00f6stiftelsen","robots":{"index":"index","follow":"follow","max-snippet":"max-snippet:-1","max-image-preview":"max-image-preview:large","max-video-preview":"max-video-preview:-1"},"canonical":"https:\/\/ostersjostiftelsen.se\/project\/vetenskap-politik-och-offentlighet-i-ostersjoomradet\/","og_locale":"en_US","og_type":"article","og_title":"Vetenskap, politik och offentlighet i \u00d6stersj\u00f6omr\u00e5det - \u00d6stersj\u00f6stiftelsen","og_description":"Den \u00f6vergripande fr\u00e5gest\u00e4llning forskarprogrammet s\u00f6ker besvara \u00e4r: Hur bem\u00f6ter l\u00e4nder i V\u00e4st- och \u00d6steuropa den...","og_url":"https:\/\/ostersjostiftelsen.se\/project\/vetenskap-politik-och-offentlighet-i-ostersjoomradet\/","og_site_name":"\u00d6stersj\u00f6stiftelsen","article_modified_time":"2020-12-16T12:16:46+00:00","twitter_card":"summary_large_image","twitter_misc":{"Est. reading time":"1 minute"},"schema":{"@context":"https:\/\/schema.org","@graph":[{"@type":"WebPage","@id":"https:\/\/ostersjostiftelsen.se\/project\/vetenskap-politik-och-offentlighet-i-ostersjoomradet\/","url":"https:\/\/ostersjostiftelsen.se\/project\/vetenskap-politik-och-offentlighet-i-ostersjoomradet\/","name":"Vetenskap, politik och offentlighet i \u00d6stersj\u00f6omr\u00e5det - \u00d6stersj\u00f6stiftelsen","isPartOf":{"@id":"https:\/\/ostersjostiftelsen.se\/#website"},"datePublished":"2019-09-19T12:14:40+00:00","dateModified":"2020-12-16T12:16:46+00:00","breadcrumb":{"@id":"https:\/\/ostersjostiftelsen.se\/project\/vetenskap-politik-och-offentlighet-i-ostersjoomradet\/#breadcrumb"},"inLanguage":"en-US","potentialAction":[{"@type":"ReadAction","target":["https:\/\/ostersjostiftelsen.se\/project\/vetenskap-politik-och-offentlighet-i-ostersjoomradet\/"]}]},{"@type":"BreadcrumbList","@id":"https:\/\/ostersjostiftelsen.se\/project\/vetenskap-politik-och-offentlighet-i-ostersjoomradet\/#breadcrumb","itemListElement":[{"@type":"ListItem","position":1,"name":"Home","item":"https:\/\/ostersjostiftelsen.se\/en\/"},{"@type":"ListItem","position":2,"name":"Projekt","item":"https:\/\/ostersjostiftelsen.se\/project\/"},{"@type":"ListItem","position":3,"name":"Vetenskap, politik och offentlighet i \u00d6stersj\u00f6omr\u00e5det"}]},{"@type":"WebSite","@id":"https:\/\/ostersjostiftelsen.se\/#website","url":"https:\/\/ostersjostiftelsen.se\/","name":"\u00d6stersj\u00f6stiftelsen","description":"Stiftelsen f\u00f6r forskning inom omr\u00e5den med anknytning till \u00d6stersj\u00f6regionen och \u00d6steuropa","potentialAction":[{"@type":"SearchAction","target":{"@type":"EntryPoint","urlTemplate":"https:\/\/ostersjostiftelsen.se\/?s={search_term_string}"},"query-input":{"@type":"PropertyValueSpecification","valueRequired":true,"valueName":"search_term_string"}}],"inLanguage":"en-US"}]}},"_links":{"self":[{"href":"https:\/\/ostersjostiftelsen.se\/en\/wp-json\/wp\/v2\/project\/471","targetHints":{"allow":["GET"]}}],"collection":[{"href":"https:\/\/ostersjostiftelsen.se\/en\/wp-json\/wp\/v2\/project"}],"about":[{"href":"https:\/\/ostersjostiftelsen.se\/en\/wp-json\/wp\/v2\/types\/project"}],"wp:attachment":[{"href":"https:\/\/ostersjostiftelsen.se\/en\/wp-json\/wp\/v2\/media?parent=471"}],"curies":[{"name":"wp","href":"https:\/\/api.w.org\/{rel}","templated":true}]}}