{"id":507,"date":"2019-09-19T16:51:10","date_gmt":"2019-09-19T14:51:10","guid":{"rendered":"http:\/\/ostersjostiftelsen.se\/?post_type=project&#038;p=507"},"modified":"2020-12-16T12:59:55","modified_gmt":"2020-12-16T11:59:55","slug":"marknadsekonomins-overlevare-osttyska-foretag-i-forandring","status":"publish","type":"project","link":"https:\/\/ostersjostiftelsen.se\/en\/project\/marknadsekonomins-overlevare-osttyska-foretag-i-forandring\/","title":{"rendered":"Marknadsekonomins \u00f6verlevare: \u00d6sttyska f\u00f6retag i f\u00f6r\u00e4ndring"},"content":{"rendered":"\n<p>Projektets syfte \u00e4r att studera \u00f6verlevare bland f\u00f6retagen i forna DDR. Forskningen skall f\u00f6rs\u00f6ka att skapa en st\u00f6rre f\u00f6rst\u00e5else av faktorer och aspekt vid verksamheten som kan ha betydelse f\u00f6r att \u00f6verleva marknadskrafters p\u00e5verkan p\u00e5 f\u00f6retag. Studier s\u00f6ker efter f\u00f6rh\u00e5llanden som har givit \u00f6sttyska f\u00f6retag ett v\u00e4rde p\u00e5 en konkurrensutsatt marknad. \u00d6sttyska varor och tj\u00e4nster som produceras av lokala f\u00f6retag betraktas som utryck f\u00f6r en \u00d6sttysk identitet. I ett konsumtionssamh\u00e4lle \u00e4r det man konsumerar en f\u00f6rl\u00e4ngning av identiteten. \u00d6verg\u00e5ngen till marknadsekonomi inneb\u00e4r \u00e4ven ett inkluderande av \u00d6sttyskland i ett konsumtionssamh\u00e4lle. Syftet med studien \u00e4r d\u00e4rf\u00f6r \u00e4ven att betrakta den \u00f6sttyska identiteten utifr\u00e5n vad som produceras och konsumeras i \u00f6stra Tyskland.<\/p>\n\n\n\n<p>Projektet angriper relaterade fr\u00e5gor kring f\u00f6retag och f\u00f6retagande fr\u00e5n tre olika vinklar med m\u00e5nga gemensamma n\u00e4mnare. Studierna identifierar det intellektuella kapitalet som har sina r\u00f6tter i forna \u00d6sttyskland. Forskningen ser n\u00e4rmare p\u00e5 den \u00d6sttyska identiteten och den Ostalgi som har uppst\u00e5tt efter \u00e5terf\u00f6reningen. Bidragen beskriver ocks\u00e5 \u00f6sttysk design och hur den tas emot p\u00e5 en ny marknad. Forskningen behandlar f\u00f6retag som har sina r\u00f6tter i forna DDR och som fortfarande finns kvar. Kontakter har redan etablerats i \u00f6stra Tyskland f\u00f6r att hitta en bredd av f\u00f6retag som representerar olika aspekter p\u00e5 \u00f6verg\u00e5ngen till marknadsekonomi.<\/p>\n\n\n\n<p>F\u00f6retag skall i v\u00e5r forskning studeras inom omr\u00e5den som har ekonomisk och kulturell betydelse och som kan t\u00e4nkas representera en \u00d6sttysk identitet i ett vidare sammanhang. F\u00f6rs\u00f6k g\u00f6rs till att s\u00e4tta f\u00f6rklaringar till varf\u00f6r dessa f\u00f6retag har \u00f6verlevt trots en massiv nedl\u00e4ggning av \u00d6sttysk verksamhet in i ett vidare sammanhang. En viktig f\u00f6ruts\u00e4ttning f\u00f6r \u00f6verlevande kan f\u00f6rknippas med v\u00e4rde. V\u00e4rde ger anspr\u00e5k p\u00e5 en kulturell betydelse och betraktas som f\u00f6rh\u00e5llningss\u00e4tt som f\u00f6rmedlas genom undervisning, religion, privat och offentlig verksamhet och ger upphov till individers och gruppers identitet.<\/p>\n","protected":false},"featured_media":0,"parent":0,"menu_order":0,"template":"","class_list":["post-507","project","type-project","status-publish","hentry"],"acf":[],"yoast_head":"<!-- This site is optimized with the Yoast SEO plugin v27.3 - https:\/\/yoast.com\/product\/yoast-seo-wordpress\/ -->\n<title>Marknadsekonomins \u00f6verlevare: \u00d6sttyska f\u00f6retag i f\u00f6r\u00e4ndring - \u00d6stersj\u00f6stiftelsen<\/title>\n<meta name=\"robots\" content=\"index, follow, max-snippet:-1, max-image-preview:large, max-video-preview:-1\" \/>\n<link rel=\"canonical\" href=\"https:\/\/ostersjostiftelsen.se\/project\/marknadsekonomins-overlevare-osttyska-foretag-i-forandring\/\" \/>\n<meta property=\"og:locale\" content=\"en_US\" \/>\n<meta property=\"og:type\" content=\"article\" \/>\n<meta property=\"og:title\" content=\"Marknadsekonomins \u00f6verlevare: \u00d6sttyska f\u00f6retag i f\u00f6r\u00e4ndring - \u00d6stersj\u00f6stiftelsen\" \/>\n<meta property=\"og:description\" content=\"Projektets syfte \u00e4r att studera \u00f6verlevare bland f\u00f6retagen i forna DDR. Forskningen skall f\u00f6rs\u00f6ka att...\" \/>\n<meta property=\"og:url\" content=\"https:\/\/ostersjostiftelsen.se\/project\/marknadsekonomins-overlevare-osttyska-foretag-i-forandring\/\" \/>\n<meta property=\"og:site_name\" content=\"\u00d6stersj\u00f6stiftelsen\" \/>\n<meta property=\"article:modified_time\" content=\"2020-12-16T11:59:55+00:00\" \/>\n<meta name=\"twitter:card\" content=\"summary_large_image\" \/>\n<meta name=\"twitter:label1\" content=\"Est. reading time\" \/>\n\t<meta name=\"twitter:data1\" content=\"2 minutes\" \/>\n<script type=\"application\/ld+json\" class=\"yoast-schema-graph\">{\"@context\":\"https:\\\/\\\/schema.org\",\"@graph\":[{\"@type\":\"WebPage\",\"@id\":\"https:\\\/\\\/ostersjostiftelsen.se\\\/project\\\/marknadsekonomins-overlevare-osttyska-foretag-i-forandring\\\/\",\"url\":\"https:\\\/\\\/ostersjostiftelsen.se\\\/project\\\/marknadsekonomins-overlevare-osttyska-foretag-i-forandring\\\/\",\"name\":\"Marknadsekonomins \u00f6verlevare: \u00d6sttyska f\u00f6retag i f\u00f6r\u00e4ndring - \u00d6stersj\u00f6stiftelsen\",\"isPartOf\":{\"@id\":\"https:\\\/\\\/ostersjostiftelsen.se\\\/#website\"},\"datePublished\":\"2019-09-19T14:51:10+00:00\",\"dateModified\":\"2020-12-16T11:59:55+00:00\",\"breadcrumb\":{\"@id\":\"https:\\\/\\\/ostersjostiftelsen.se\\\/project\\\/marknadsekonomins-overlevare-osttyska-foretag-i-forandring\\\/#breadcrumb\"},\"inLanguage\":\"en-US\",\"potentialAction\":[{\"@type\":\"ReadAction\",\"target\":[\"https:\\\/\\\/ostersjostiftelsen.se\\\/project\\\/marknadsekonomins-overlevare-osttyska-foretag-i-forandring\\\/\"]}]},{\"@type\":\"BreadcrumbList\",\"@id\":\"https:\\\/\\\/ostersjostiftelsen.se\\\/project\\\/marknadsekonomins-overlevare-osttyska-foretag-i-forandring\\\/#breadcrumb\",\"itemListElement\":[{\"@type\":\"ListItem\",\"position\":1,\"name\":\"Home\",\"item\":\"https:\\\/\\\/ostersjostiftelsen.se\\\/en\\\/\"},{\"@type\":\"ListItem\",\"position\":2,\"name\":\"Projekt\",\"item\":\"https:\\\/\\\/ostersjostiftelsen.se\\\/project\\\/\"},{\"@type\":\"ListItem\",\"position\":3,\"name\":\"Marknadsekonomins \u00f6verlevare: \u00d6sttyska f\u00f6retag i f\u00f6r\u00e4ndring\"}]},{\"@type\":\"WebSite\",\"@id\":\"https:\\\/\\\/ostersjostiftelsen.se\\\/#website\",\"url\":\"https:\\\/\\\/ostersjostiftelsen.se\\\/\",\"name\":\"\u00d6stersj\u00f6stiftelsen\",\"description\":\"Stiftelsen f\u00f6r forskning inom omr\u00e5den med anknytning till \u00d6stersj\u00f6regionen och \u00d6steuropa\",\"potentialAction\":[{\"@type\":\"SearchAction\",\"target\":{\"@type\":\"EntryPoint\",\"urlTemplate\":\"https:\\\/\\\/ostersjostiftelsen.se\\\/?s={search_term_string}\"},\"query-input\":{\"@type\":\"PropertyValueSpecification\",\"valueRequired\":true,\"valueName\":\"search_term_string\"}}],\"inLanguage\":\"en-US\"}]}<\/script>\n<!-- \/ Yoast SEO plugin. -->","yoast_head_json":{"title":"Marknadsekonomins \u00f6verlevare: \u00d6sttyska f\u00f6retag i f\u00f6r\u00e4ndring - \u00d6stersj\u00f6stiftelsen","robots":{"index":"index","follow":"follow","max-snippet":"max-snippet:-1","max-image-preview":"max-image-preview:large","max-video-preview":"max-video-preview:-1"},"canonical":"https:\/\/ostersjostiftelsen.se\/project\/marknadsekonomins-overlevare-osttyska-foretag-i-forandring\/","og_locale":"en_US","og_type":"article","og_title":"Marknadsekonomins \u00f6verlevare: \u00d6sttyska f\u00f6retag i f\u00f6r\u00e4ndring - \u00d6stersj\u00f6stiftelsen","og_description":"Projektets syfte \u00e4r att studera \u00f6verlevare bland f\u00f6retagen i forna DDR. Forskningen skall f\u00f6rs\u00f6ka att...","og_url":"https:\/\/ostersjostiftelsen.se\/project\/marknadsekonomins-overlevare-osttyska-foretag-i-forandring\/","og_site_name":"\u00d6stersj\u00f6stiftelsen","article_modified_time":"2020-12-16T11:59:55+00:00","twitter_card":"summary_large_image","twitter_misc":{"Est. reading time":"2 minutes"},"schema":{"@context":"https:\/\/schema.org","@graph":[{"@type":"WebPage","@id":"https:\/\/ostersjostiftelsen.se\/project\/marknadsekonomins-overlevare-osttyska-foretag-i-forandring\/","url":"https:\/\/ostersjostiftelsen.se\/project\/marknadsekonomins-overlevare-osttyska-foretag-i-forandring\/","name":"Marknadsekonomins \u00f6verlevare: \u00d6sttyska f\u00f6retag i f\u00f6r\u00e4ndring - \u00d6stersj\u00f6stiftelsen","isPartOf":{"@id":"https:\/\/ostersjostiftelsen.se\/#website"},"datePublished":"2019-09-19T14:51:10+00:00","dateModified":"2020-12-16T11:59:55+00:00","breadcrumb":{"@id":"https:\/\/ostersjostiftelsen.se\/project\/marknadsekonomins-overlevare-osttyska-foretag-i-forandring\/#breadcrumb"},"inLanguage":"en-US","potentialAction":[{"@type":"ReadAction","target":["https:\/\/ostersjostiftelsen.se\/project\/marknadsekonomins-overlevare-osttyska-foretag-i-forandring\/"]}]},{"@type":"BreadcrumbList","@id":"https:\/\/ostersjostiftelsen.se\/project\/marknadsekonomins-overlevare-osttyska-foretag-i-forandring\/#breadcrumb","itemListElement":[{"@type":"ListItem","position":1,"name":"Home","item":"https:\/\/ostersjostiftelsen.se\/en\/"},{"@type":"ListItem","position":2,"name":"Projekt","item":"https:\/\/ostersjostiftelsen.se\/project\/"},{"@type":"ListItem","position":3,"name":"Marknadsekonomins \u00f6verlevare: \u00d6sttyska f\u00f6retag i f\u00f6r\u00e4ndring"}]},{"@type":"WebSite","@id":"https:\/\/ostersjostiftelsen.se\/#website","url":"https:\/\/ostersjostiftelsen.se\/","name":"\u00d6stersj\u00f6stiftelsen","description":"Stiftelsen f\u00f6r forskning inom omr\u00e5den med anknytning till \u00d6stersj\u00f6regionen och \u00d6steuropa","potentialAction":[{"@type":"SearchAction","target":{"@type":"EntryPoint","urlTemplate":"https:\/\/ostersjostiftelsen.se\/?s={search_term_string}"},"query-input":{"@type":"PropertyValueSpecification","valueRequired":true,"valueName":"search_term_string"}}],"inLanguage":"en-US"}]}},"_links":{"self":[{"href":"https:\/\/ostersjostiftelsen.se\/en\/wp-json\/wp\/v2\/project\/507","targetHints":{"allow":["GET"]}}],"collection":[{"href":"https:\/\/ostersjostiftelsen.se\/en\/wp-json\/wp\/v2\/project"}],"about":[{"href":"https:\/\/ostersjostiftelsen.se\/en\/wp-json\/wp\/v2\/types\/project"}],"wp:attachment":[{"href":"https:\/\/ostersjostiftelsen.se\/en\/wp-json\/wp\/v2\/media?parent=507"}],"curies":[{"name":"wp","href":"https:\/\/api.w.org\/{rel}","templated":true}]}}