{"id":516,"date":"2019-09-19T16:57:58","date_gmt":"2019-09-19T14:57:58","guid":{"rendered":"http:\/\/ostersjostiftelsen.se\/?post_type=project&#038;p=516"},"modified":"2020-12-16T12:34:45","modified_gmt":"2020-12-16T11:34:45","slug":"digitala-mediekulturer-publiker-livsstilar-och-generationer-i-den-digitala-kommunikationens-tidsalder","status":"publish","type":"project","link":"https:\/\/ostersjostiftelsen.se\/en\/project\/digitala-mediekulturer-publiker-livsstilar-och-generationer-i-den-digitala-kommunikationens-tidsalder\/","title":{"rendered":"Digitala mediekulturer. Publiker, livsstilar och generationer i den digitala kommunikationens tids\u00e5lder"},"content":{"rendered":"\n<p>Under de senaste decennierna har en rad olika nya digitala medieteknologier och nya medieinneh\u00e5ll i s\u00e5v\u00e4l nya som gamla medier introducerats. Utvecklingen f\u00f6ljer vissa dominerande m\u00f6nster, d\u00e4r individuell anpassning av medieteknologier, kraftigt \u00f6kat utbud, samt en allt \u00f6kande digitalisering av gamla medier utg\u00f6r de viktigaste dragen. Tidigare forskning visar att en ut\u00f6kning av mediernas utbud medf\u00f6r att mediernas anv\u00e4ndare specialiserar sig, bland annat genom att koncentrera sig p\u00e5 vissa utbud och v\u00e4lja bort andra. Genom detta bildas olika typer av mediebrukarprofiler, vilka kan relateras till skillnader i klass, k\u00f6n, utbildning, livsstil, etc. Dessa mediebrukarprofiler \u00e4ndras ocks\u00e5 i takt med uppkomsten av dels nya medieteknologier, dels nya typer av medieinneh\u00e5ll.<\/p>\n\n\n\n<p>I ett vidare internationellt perspektiv m\u00e5ste eventuella f\u00f6r\u00e4ndringar i medieanv\u00e4ndning f\u00f6rst\u00e5s inte bara mot teknologiska och inneh\u00e5llsliga f\u00f6r\u00e4ndringar, utan ocks\u00e5 mot bakgrund i de historiska och regionalt pr\u00e4glade kontextuella skillnader som finns. \u00c4ven om utvecklingen i stort kan s\u00e4gas g\u00e5 i samma riktning t.ex. stabila v\u00e4stdemokratier som Sverige, och unga demokratier i de forna Sovjet-ockuperade staterna, s\u00e5 finns det \u00e4ndock bakomliggande faktorer som g\u00f6r att medielandskapen varierar p\u00e5 skilda h\u00e5ll: historiskt, politiskt, kulturellt, ekonomiskt, etc. Dessa skillnader i historisk, politisk, ekonomisk och kulturell bakgrund kan studeras empiriskt genom komparativ analys av tillg\u00e5ng, anv\u00e4ndning och attityder till nya och gamla medier i olika kontexter.<\/p>\n\n\n\n<p>Mot denna bakgrund kan syftet med h\u00e4r f\u00f6reslagna projekt formuleras som att analysera hur skillnader i historisk, politisk, ekonomisk och kulturell bakgrund inverkar p\u00e5 anv\u00e4ndning av och attityder till medieteknologier och medieinneh\u00e5ll, i b\u00e5de personliga medier (datorer, mobiltelefoner, MP3-spelare) och i massmedier (press, radio, TV, film, litteratur). Detta g\u00f6rs genom komparation av medierelaterade f\u00f6r\u00e4ndringsprocesser i tv\u00e5 nationella medielandskap (Sverige och Estland). Det huvudsakliga instrumentet \u00e4r en enk\u00e4t som distribueras i Estland och i S\u00f6dert\u00f6rnsregionen. Enk\u00e4ten kommer att komplettera och f\u00f6ra vidare de tidigare enk\u00e4tinsamlingar som gjorts vid S\u00f6dert\u00f6rns h\u00f6gskola vartannat \u00e5r sedan 2002, och som avsett f\u00e5nga mediernas roll i sociala och kulturella f\u00f6r\u00e4ndringsprocesser.<\/p>\n","protected":false},"featured_media":0,"parent":0,"menu_order":0,"template":"","class_list":["post-516","project","type-project","status-publish","hentry"],"acf":[],"yoast_head":"<!-- This site is optimized with the Yoast SEO plugin v27.3 - https:\/\/yoast.com\/product\/yoast-seo-wordpress\/ -->\n<title>Digitala mediekulturer. Publiker, livsstilar och generationer i den digitala kommunikationens tids\u00e5lder - \u00d6stersj\u00f6stiftelsen<\/title>\n<meta name=\"robots\" content=\"index, follow, max-snippet:-1, max-image-preview:large, max-video-preview:-1\" \/>\n<link rel=\"canonical\" href=\"https:\/\/ostersjostiftelsen.se\/en\/project\/digitala-mediekulturer-publiker-livsstilar-och-generationer-i-den-digitala-kommunikationens-tidsalder\/\" \/>\n<meta property=\"og:locale\" content=\"en_US\" \/>\n<meta property=\"og:type\" content=\"article\" \/>\n<meta property=\"og:title\" content=\"Digitala mediekulturer. Publiker, livsstilar och generationer i den digitala kommunikationens tids\u00e5lder - \u00d6stersj\u00f6stiftelsen\" \/>\n<meta property=\"og:description\" content=\"Under de senaste decennierna har en rad olika nya digitala medieteknologier och nya medieinneh\u00e5ll i...\" \/>\n<meta property=\"og:url\" content=\"https:\/\/ostersjostiftelsen.se\/en\/project\/digitala-mediekulturer-publiker-livsstilar-och-generationer-i-den-digitala-kommunikationens-tidsalder\/\" \/>\n<meta property=\"og:site_name\" content=\"\u00d6stersj\u00f6stiftelsen\" \/>\n<meta property=\"article:modified_time\" content=\"2020-12-16T11:34:45+00:00\" \/>\n<meta name=\"twitter:card\" content=\"summary_large_image\" \/>\n<meta name=\"twitter:label1\" content=\"Est. reading time\" \/>\n\t<meta name=\"twitter:data1\" content=\"2 minutes\" \/>\n<script type=\"application\/ld+json\" class=\"yoast-schema-graph\">{\"@context\":\"https:\\\/\\\/schema.org\",\"@graph\":[{\"@type\":\"WebPage\",\"@id\":\"https:\\\/\\\/ostersjostiftelsen.se\\\/en\\\/project\\\/digitala-mediekulturer-publiker-livsstilar-och-generationer-i-den-digitala-kommunikationens-tidsalder\\\/\",\"url\":\"https:\\\/\\\/ostersjostiftelsen.se\\\/en\\\/project\\\/digitala-mediekulturer-publiker-livsstilar-och-generationer-i-den-digitala-kommunikationens-tidsalder\\\/\",\"name\":\"Digitala mediekulturer. Publiker, livsstilar och generationer i den digitala kommunikationens tids\u00e5lder - \u00d6stersj\u00f6stiftelsen\",\"isPartOf\":{\"@id\":\"https:\\\/\\\/ostersjostiftelsen.se\\\/#website\"},\"datePublished\":\"2019-09-19T14:57:58+00:00\",\"dateModified\":\"2020-12-16T11:34:45+00:00\",\"breadcrumb\":{\"@id\":\"https:\\\/\\\/ostersjostiftelsen.se\\\/en\\\/project\\\/digitala-mediekulturer-publiker-livsstilar-och-generationer-i-den-digitala-kommunikationens-tidsalder\\\/#breadcrumb\"},\"inLanguage\":\"en-US\",\"potentialAction\":[{\"@type\":\"ReadAction\",\"target\":[\"https:\\\/\\\/ostersjostiftelsen.se\\\/en\\\/project\\\/digitala-mediekulturer-publiker-livsstilar-och-generationer-i-den-digitala-kommunikationens-tidsalder\\\/\"]}]},{\"@type\":\"BreadcrumbList\",\"@id\":\"https:\\\/\\\/ostersjostiftelsen.se\\\/en\\\/project\\\/digitala-mediekulturer-publiker-livsstilar-och-generationer-i-den-digitala-kommunikationens-tidsalder\\\/#breadcrumb\",\"itemListElement\":[{\"@type\":\"ListItem\",\"position\":1,\"name\":\"Home\",\"item\":\"https:\\\/\\\/ostersjostiftelsen.se\\\/en\\\/\"},{\"@type\":\"ListItem\",\"position\":2,\"name\":\"Projekt\",\"item\":\"https:\\\/\\\/ostersjostiftelsen.se\\\/project\\\/\"},{\"@type\":\"ListItem\",\"position\":3,\"name\":\"Digitala mediekulturer. Publiker, livsstilar och generationer i den digitala kommunikationens tids\u00e5lder\"}]},{\"@type\":\"WebSite\",\"@id\":\"https:\\\/\\\/ostersjostiftelsen.se\\\/#website\",\"url\":\"https:\\\/\\\/ostersjostiftelsen.se\\\/\",\"name\":\"\u00d6stersj\u00f6stiftelsen\",\"description\":\"Stiftelsen f\u00f6r forskning inom omr\u00e5den med anknytning till \u00d6stersj\u00f6regionen och \u00d6steuropa\",\"potentialAction\":[{\"@type\":\"SearchAction\",\"target\":{\"@type\":\"EntryPoint\",\"urlTemplate\":\"https:\\\/\\\/ostersjostiftelsen.se\\\/?s={search_term_string}\"},\"query-input\":{\"@type\":\"PropertyValueSpecification\",\"valueRequired\":true,\"valueName\":\"search_term_string\"}}],\"inLanguage\":\"en-US\"}]}<\/script>\n<!-- \/ Yoast SEO plugin. -->","yoast_head_json":{"title":"Digitala mediekulturer. Publiker, livsstilar och generationer i den digitala kommunikationens tids\u00e5lder - \u00d6stersj\u00f6stiftelsen","robots":{"index":"index","follow":"follow","max-snippet":"max-snippet:-1","max-image-preview":"max-image-preview:large","max-video-preview":"max-video-preview:-1"},"canonical":"https:\/\/ostersjostiftelsen.se\/en\/project\/digitala-mediekulturer-publiker-livsstilar-och-generationer-i-den-digitala-kommunikationens-tidsalder\/","og_locale":"en_US","og_type":"article","og_title":"Digitala mediekulturer. Publiker, livsstilar och generationer i den digitala kommunikationens tids\u00e5lder - \u00d6stersj\u00f6stiftelsen","og_description":"Under de senaste decennierna har en rad olika nya digitala medieteknologier och nya medieinneh\u00e5ll i...","og_url":"https:\/\/ostersjostiftelsen.se\/en\/project\/digitala-mediekulturer-publiker-livsstilar-och-generationer-i-den-digitala-kommunikationens-tidsalder\/","og_site_name":"\u00d6stersj\u00f6stiftelsen","article_modified_time":"2020-12-16T11:34:45+00:00","twitter_card":"summary_large_image","twitter_misc":{"Est. reading time":"2 minutes"},"schema":{"@context":"https:\/\/schema.org","@graph":[{"@type":"WebPage","@id":"https:\/\/ostersjostiftelsen.se\/en\/project\/digitala-mediekulturer-publiker-livsstilar-och-generationer-i-den-digitala-kommunikationens-tidsalder\/","url":"https:\/\/ostersjostiftelsen.se\/en\/project\/digitala-mediekulturer-publiker-livsstilar-och-generationer-i-den-digitala-kommunikationens-tidsalder\/","name":"Digitala mediekulturer. Publiker, livsstilar och generationer i den digitala kommunikationens tids\u00e5lder - \u00d6stersj\u00f6stiftelsen","isPartOf":{"@id":"https:\/\/ostersjostiftelsen.se\/#website"},"datePublished":"2019-09-19T14:57:58+00:00","dateModified":"2020-12-16T11:34:45+00:00","breadcrumb":{"@id":"https:\/\/ostersjostiftelsen.se\/en\/project\/digitala-mediekulturer-publiker-livsstilar-och-generationer-i-den-digitala-kommunikationens-tidsalder\/#breadcrumb"},"inLanguage":"en-US","potentialAction":[{"@type":"ReadAction","target":["https:\/\/ostersjostiftelsen.se\/en\/project\/digitala-mediekulturer-publiker-livsstilar-och-generationer-i-den-digitala-kommunikationens-tidsalder\/"]}]},{"@type":"BreadcrumbList","@id":"https:\/\/ostersjostiftelsen.se\/en\/project\/digitala-mediekulturer-publiker-livsstilar-och-generationer-i-den-digitala-kommunikationens-tidsalder\/#breadcrumb","itemListElement":[{"@type":"ListItem","position":1,"name":"Home","item":"https:\/\/ostersjostiftelsen.se\/en\/"},{"@type":"ListItem","position":2,"name":"Projekt","item":"https:\/\/ostersjostiftelsen.se\/project\/"},{"@type":"ListItem","position":3,"name":"Digitala mediekulturer. Publiker, livsstilar och generationer i den digitala kommunikationens tids\u00e5lder"}]},{"@type":"WebSite","@id":"https:\/\/ostersjostiftelsen.se\/#website","url":"https:\/\/ostersjostiftelsen.se\/","name":"\u00d6stersj\u00f6stiftelsen","description":"Stiftelsen f\u00f6r forskning inom omr\u00e5den med anknytning till \u00d6stersj\u00f6regionen och \u00d6steuropa","potentialAction":[{"@type":"SearchAction","target":{"@type":"EntryPoint","urlTemplate":"https:\/\/ostersjostiftelsen.se\/?s={search_term_string}"},"query-input":{"@type":"PropertyValueSpecification","valueRequired":true,"valueName":"search_term_string"}}],"inLanguage":"en-US"}]}},"_links":{"self":[{"href":"https:\/\/ostersjostiftelsen.se\/en\/wp-json\/wp\/v2\/project\/516","targetHints":{"allow":["GET"]}}],"collection":[{"href":"https:\/\/ostersjostiftelsen.se\/en\/wp-json\/wp\/v2\/project"}],"about":[{"href":"https:\/\/ostersjostiftelsen.se\/en\/wp-json\/wp\/v2\/types\/project"}],"wp:attachment":[{"href":"https:\/\/ostersjostiftelsen.se\/en\/wp-json\/wp\/v2\/media?parent=516"}],"curies":[{"name":"wp","href":"https:\/\/api.w.org\/{rel}","templated":true}]}}