{"id":533,"date":"2019-09-20T09:03:39","date_gmt":"2019-09-20T07:03:39","guid":{"rendered":"http:\/\/ostersjostiftelsen.se\/?post_type=project&#038;p=533"},"modified":"2020-12-16T12:40:05","modified_gmt":"2020-12-16T11:40:05","slug":"familjen-och-den-starka-staten-i-ett-osteuropa-ostersjoperspektiv-frigorelse-eller-tvang","status":"publish","type":"project","link":"https:\/\/ostersjostiftelsen.se\/en\/project\/familjen-och-den-starka-staten-i-ett-osteuropa-ostersjoperspektiv-frigorelse-eller-tvang\/","title":{"rendered":"Familjen och den starka staten i ett \u00d6steuropa\/\u00d6stersj\u00f6perspektiv: frig\u00f6relse eller tv\u00e5ng?"},"content":{"rendered":"\n<p>Detta projekt r\u00f6r sig i sp\u00e4nningsf\u00e4ltet mellan stat, familj och individ. Familjen betraktas h\u00e4r som en social institution med egna regler och befogenheter. Relationerna inom familjen kan pr\u00e4glas av individuell sj\u00e4lvst\u00e4ndighet och j\u00e4mlikhet eller av underordning och beroende. Staten kan l\u00e4gga medborgarens trygghet och stabilitet i familjens eget ansvar eller bedriva en mer centralstyrd familjepolitik, dvs. ta \u00f6ver stora delar av familjens traditionella uppgifter och d\u00e4rmed st\u00e4rka individens position gentemot familjekollektivet.<\/p>\n\n\n\n<p>Med fokus p\u00e5 olika delar av \u00d6stersj\u00f6omr\u00e5det och \u00d6steuropa fr\u00e5n efterkrigstiden fram till idag vill vi unders\u00f6ka familjen \u2013 som politisk och offentlig eller privat angel\u00e4genhet. Avsikten \u00e4r att studien ska bidra till en f\u00f6rdjupad f\u00f6rst\u00e5else f\u00f6r hur staten kan p\u00e5verka normbildningen kring olika familjemodeller och kring roller inom familjen samt till att s\u00e4rskilja s\u00e5dant som kan f\u00f6r\u00e4ndras med politik fr\u00e5n det som har med mer djupliggande kulturm\u00f6nster att g\u00f6ra.<\/p>\n\n\n\n<p>Projektet \u00e4r m\u00e5ngdisciplin\u00e4rt med representation av nationalekonomi, historia, sociologi och tyskspr\u00e5kiglitteratur. Denna tv\u00e4rvetenskaplighet och \u00f6msesidighet i projektet \u00e4r en viktig del i arbetet f\u00f6r att producera ny kunskap inom ett s\u00e5 brett f\u00e4lt som familjeforskningen. Den multidisciplin\u00e4ra ansatsen och den \u00f6msesidiga l\u00e4roprocessen m\u00f6jligg\u00f6r ocks\u00e5 f\u00f6r de olika deltagarna i projektet att ut\u00f6ka sina metodologiska verktyg f\u00f6r den egna forskningen.<\/p>\n\n\n\n<p>Medlemmarna i projektet har sin fr\u00e4msta kunskapsbas inriktad mot Ungern, Ryssland, Lettland, Tyskland och Sverige. Den samlade kunskapen om en m\u00e5ngskiftande, men \u00e4nd\u00e5 till viss del likartad region, som gruppens deltagare representerar, kan ses som en f\u00f6ruts\u00e4ttning f\u00f6r studier om de regionala skillnaderna i familjepolitiken \u00e5 ena sidan, och de mer specifika processerna i de olika l\u00e4nderna, \u00e5 den andra sidan. Genom att analysera attityder och praktiker i historia och nutid i l\u00e4nder som under en stor del av 1900-talet har unders\u00f6kts enligt demarkationslinjer som demokratiska\/totalit\u00e4ra, kommunistiska\/kapitalistiska v\u00e4lf\u00e4rdsstater, vill vi bidra till en \u00f6kad kunskap om gemensamma processer r\u00f6rande europeiska familjer, och \u00e4ven peka p\u00e5 unika och s\u00e4rskiljande drag.<\/p>\n","protected":false},"featured_media":0,"parent":0,"menu_order":0,"template":"","class_list":["post-533","project","type-project","status-publish","hentry"],"acf":[],"yoast_head":"<!-- This site is optimized with the Yoast SEO plugin v27.3 - https:\/\/yoast.com\/product\/yoast-seo-wordpress\/ -->\n<title>Familjen och den starka staten i ett \u00d6steuropa\/\u00d6stersj\u00f6perspektiv: frig\u00f6relse eller tv\u00e5ng? - \u00d6stersj\u00f6stiftelsen<\/title>\n<meta name=\"robots\" content=\"index, follow, max-snippet:-1, max-image-preview:large, max-video-preview:-1\" \/>\n<link rel=\"canonical\" href=\"https:\/\/ostersjostiftelsen.se\/project\/familjen-och-den-starka-staten-i-ett-osteuropa-ostersjoperspektiv-frigorelse-eller-tvang\/\" \/>\n<meta property=\"og:locale\" content=\"en_US\" \/>\n<meta property=\"og:type\" content=\"article\" \/>\n<meta property=\"og:title\" content=\"Familjen och den starka staten i ett \u00d6steuropa\/\u00d6stersj\u00f6perspektiv: frig\u00f6relse eller tv\u00e5ng? - \u00d6stersj\u00f6stiftelsen\" \/>\n<meta property=\"og:description\" content=\"Detta projekt r\u00f6r sig i sp\u00e4nningsf\u00e4ltet mellan stat, familj och individ. Familjen betraktas h\u00e4r som...\" \/>\n<meta property=\"og:url\" content=\"https:\/\/ostersjostiftelsen.se\/project\/familjen-och-den-starka-staten-i-ett-osteuropa-ostersjoperspektiv-frigorelse-eller-tvang\/\" \/>\n<meta property=\"og:site_name\" content=\"\u00d6stersj\u00f6stiftelsen\" \/>\n<meta property=\"article:modified_time\" content=\"2020-12-16T11:40:05+00:00\" \/>\n<meta name=\"twitter:card\" content=\"summary_large_image\" \/>\n<meta name=\"twitter:label1\" content=\"Est. reading time\" \/>\n\t<meta name=\"twitter:data1\" content=\"2 minutes\" \/>\n<script type=\"application\/ld+json\" class=\"yoast-schema-graph\">{\"@context\":\"https:\\\/\\\/schema.org\",\"@graph\":[{\"@type\":\"WebPage\",\"@id\":\"https:\\\/\\\/ostersjostiftelsen.se\\\/project\\\/familjen-och-den-starka-staten-i-ett-osteuropa-ostersjoperspektiv-frigorelse-eller-tvang\\\/\",\"url\":\"https:\\\/\\\/ostersjostiftelsen.se\\\/project\\\/familjen-och-den-starka-staten-i-ett-osteuropa-ostersjoperspektiv-frigorelse-eller-tvang\\\/\",\"name\":\"Familjen och den starka staten i ett \u00d6steuropa\\\/\u00d6stersj\u00f6perspektiv: frig\u00f6relse eller tv\u00e5ng? - \u00d6stersj\u00f6stiftelsen\",\"isPartOf\":{\"@id\":\"https:\\\/\\\/ostersjostiftelsen.se\\\/#website\"},\"datePublished\":\"2019-09-20T07:03:39+00:00\",\"dateModified\":\"2020-12-16T11:40:05+00:00\",\"breadcrumb\":{\"@id\":\"https:\\\/\\\/ostersjostiftelsen.se\\\/project\\\/familjen-och-den-starka-staten-i-ett-osteuropa-ostersjoperspektiv-frigorelse-eller-tvang\\\/#breadcrumb\"},\"inLanguage\":\"en-US\",\"potentialAction\":[{\"@type\":\"ReadAction\",\"target\":[\"https:\\\/\\\/ostersjostiftelsen.se\\\/project\\\/familjen-och-den-starka-staten-i-ett-osteuropa-ostersjoperspektiv-frigorelse-eller-tvang\\\/\"]}]},{\"@type\":\"BreadcrumbList\",\"@id\":\"https:\\\/\\\/ostersjostiftelsen.se\\\/project\\\/familjen-och-den-starka-staten-i-ett-osteuropa-ostersjoperspektiv-frigorelse-eller-tvang\\\/#breadcrumb\",\"itemListElement\":[{\"@type\":\"ListItem\",\"position\":1,\"name\":\"Home\",\"item\":\"https:\\\/\\\/ostersjostiftelsen.se\\\/en\\\/\"},{\"@type\":\"ListItem\",\"position\":2,\"name\":\"Projekt\",\"item\":\"https:\\\/\\\/ostersjostiftelsen.se\\\/project\\\/\"},{\"@type\":\"ListItem\",\"position\":3,\"name\":\"Familjen och den starka staten i ett \u00d6steuropa\\\/\u00d6stersj\u00f6perspektiv: frig\u00f6relse eller tv\u00e5ng?\"}]},{\"@type\":\"WebSite\",\"@id\":\"https:\\\/\\\/ostersjostiftelsen.se\\\/#website\",\"url\":\"https:\\\/\\\/ostersjostiftelsen.se\\\/\",\"name\":\"\u00d6stersj\u00f6stiftelsen\",\"description\":\"Stiftelsen f\u00f6r forskning inom omr\u00e5den med anknytning till \u00d6stersj\u00f6regionen och \u00d6steuropa\",\"potentialAction\":[{\"@type\":\"SearchAction\",\"target\":{\"@type\":\"EntryPoint\",\"urlTemplate\":\"https:\\\/\\\/ostersjostiftelsen.se\\\/?s={search_term_string}\"},\"query-input\":{\"@type\":\"PropertyValueSpecification\",\"valueRequired\":true,\"valueName\":\"search_term_string\"}}],\"inLanguage\":\"en-US\"}]}<\/script>\n<!-- \/ Yoast SEO plugin. -->","yoast_head_json":{"title":"Familjen och den starka staten i ett \u00d6steuropa\/\u00d6stersj\u00f6perspektiv: frig\u00f6relse eller tv\u00e5ng? - \u00d6stersj\u00f6stiftelsen","robots":{"index":"index","follow":"follow","max-snippet":"max-snippet:-1","max-image-preview":"max-image-preview:large","max-video-preview":"max-video-preview:-1"},"canonical":"https:\/\/ostersjostiftelsen.se\/project\/familjen-och-den-starka-staten-i-ett-osteuropa-ostersjoperspektiv-frigorelse-eller-tvang\/","og_locale":"en_US","og_type":"article","og_title":"Familjen och den starka staten i ett \u00d6steuropa\/\u00d6stersj\u00f6perspektiv: frig\u00f6relse eller tv\u00e5ng? - \u00d6stersj\u00f6stiftelsen","og_description":"Detta projekt r\u00f6r sig i sp\u00e4nningsf\u00e4ltet mellan stat, familj och individ. Familjen betraktas h\u00e4r som...","og_url":"https:\/\/ostersjostiftelsen.se\/project\/familjen-och-den-starka-staten-i-ett-osteuropa-ostersjoperspektiv-frigorelse-eller-tvang\/","og_site_name":"\u00d6stersj\u00f6stiftelsen","article_modified_time":"2020-12-16T11:40:05+00:00","twitter_card":"summary_large_image","twitter_misc":{"Est. reading time":"2 minutes"},"schema":{"@context":"https:\/\/schema.org","@graph":[{"@type":"WebPage","@id":"https:\/\/ostersjostiftelsen.se\/project\/familjen-och-den-starka-staten-i-ett-osteuropa-ostersjoperspektiv-frigorelse-eller-tvang\/","url":"https:\/\/ostersjostiftelsen.se\/project\/familjen-och-den-starka-staten-i-ett-osteuropa-ostersjoperspektiv-frigorelse-eller-tvang\/","name":"Familjen och den starka staten i ett \u00d6steuropa\/\u00d6stersj\u00f6perspektiv: frig\u00f6relse eller tv\u00e5ng? - \u00d6stersj\u00f6stiftelsen","isPartOf":{"@id":"https:\/\/ostersjostiftelsen.se\/#website"},"datePublished":"2019-09-20T07:03:39+00:00","dateModified":"2020-12-16T11:40:05+00:00","breadcrumb":{"@id":"https:\/\/ostersjostiftelsen.se\/project\/familjen-och-den-starka-staten-i-ett-osteuropa-ostersjoperspektiv-frigorelse-eller-tvang\/#breadcrumb"},"inLanguage":"en-US","potentialAction":[{"@type":"ReadAction","target":["https:\/\/ostersjostiftelsen.se\/project\/familjen-och-den-starka-staten-i-ett-osteuropa-ostersjoperspektiv-frigorelse-eller-tvang\/"]}]},{"@type":"BreadcrumbList","@id":"https:\/\/ostersjostiftelsen.se\/project\/familjen-och-den-starka-staten-i-ett-osteuropa-ostersjoperspektiv-frigorelse-eller-tvang\/#breadcrumb","itemListElement":[{"@type":"ListItem","position":1,"name":"Home","item":"https:\/\/ostersjostiftelsen.se\/en\/"},{"@type":"ListItem","position":2,"name":"Projekt","item":"https:\/\/ostersjostiftelsen.se\/project\/"},{"@type":"ListItem","position":3,"name":"Familjen och den starka staten i ett \u00d6steuropa\/\u00d6stersj\u00f6perspektiv: frig\u00f6relse eller tv\u00e5ng?"}]},{"@type":"WebSite","@id":"https:\/\/ostersjostiftelsen.se\/#website","url":"https:\/\/ostersjostiftelsen.se\/","name":"\u00d6stersj\u00f6stiftelsen","description":"Stiftelsen f\u00f6r forskning inom omr\u00e5den med anknytning till \u00d6stersj\u00f6regionen och \u00d6steuropa","potentialAction":[{"@type":"SearchAction","target":{"@type":"EntryPoint","urlTemplate":"https:\/\/ostersjostiftelsen.se\/?s={search_term_string}"},"query-input":{"@type":"PropertyValueSpecification","valueRequired":true,"valueName":"search_term_string"}}],"inLanguage":"en-US"}]}},"_links":{"self":[{"href":"https:\/\/ostersjostiftelsen.se\/en\/wp-json\/wp\/v2\/project\/533","targetHints":{"allow":["GET"]}}],"collection":[{"href":"https:\/\/ostersjostiftelsen.se\/en\/wp-json\/wp\/v2\/project"}],"about":[{"href":"https:\/\/ostersjostiftelsen.se\/en\/wp-json\/wp\/v2\/types\/project"}],"wp:attachment":[{"href":"https:\/\/ostersjostiftelsen.se\/en\/wp-json\/wp\/v2\/media?parent=533"}],"curies":[{"name":"wp","href":"https:\/\/api.w.org\/{rel}","templated":true}]}}